{"id":6729,"date":"2025-07-09T13:13:50","date_gmt":"2025-07-09T12:13:50","guid":{"rendered":"https:\/\/martinamaletti.com\/?page_id=6729"},"modified":"2026-08-31T14:41:31","modified_gmt":"2026-08-31T13:41:31","slug":"faldas","status":"publish","type":"page","link":"https:\/\/martinamaletti.com\/en\/faldas\/","title":{"rendered":"Skirts"},"content":{"rendered":"\t\t<div data-elementor-type=\"wp-page\" data-elementor-id=\"6729\" class=\"elementor elementor-6729\" data-elementor-post-type=\"page\">\n\t\t\t\t<div class=\"elementor-element elementor-element-1e527a2 e-con-full e-flex e-con e-parent\" data-id=\"1e527a2\" data-element_type=\"container\" data-e-type=\"container\" data-settings=\"{&quot;background_background&quot;:&quot;classic&quot;,&quot;jet_parallax_layout_list&quot;:[]}\">\n\t\t\t\t<div class=\"elementor-element elementor-element-aec82f4 elementor-invisible elementor-widget elementor-widget-heading\" data-id=\"aec82f4\" data-element_type=\"widget\" data-e-type=\"widget\" data-settings=\"{&quot;_animation&quot;:&quot;fadeInUp&quot;}\" data-widget_type=\"heading.default\">\n\t\t\t\t\t<h1 class=\"elementor-heading-title elementor-size-default\">Faldas invitada<\/h1>\t\t\t\t<\/div>\n\t\t\t\t<\/div>\n\t\t<div class=\"elementor-element elementor-element-b07fa47 e-con-full e-flex e-con e-parent\" data-id=\"b07fa47\" data-element_type=\"container\" data-e-type=\"container\" data-settings=\"{&quot;background_background&quot;:&quot;classic&quot;,&quot;jet_parallax_layout_list&quot;:[]}\">\n\t\t<div class=\"elementor-element elementor-element-9f759e1 e-flex e-con-boxed e-con e-child\" data-id=\"9f759e1\" data-element_type=\"container\" data-e-type=\"container\" data-settings=\"{&quot;jet_parallax_layout_list&quot;:[]}\">\n\t\t\t\t\t<div class=\"e-con-inner\">\n\t\t\t\t<div class=\"elementor-element elementor-element-0946104 elementor-widget__width-initial elementor-invisible elementor-widget elementor-widget-text-editor\" data-id=\"0946104\" data-element_type=\"widget\" data-e-type=\"widget\" data-settings=\"{&quot;_animation&quot;:&quot;fadeInUp&quot;}\" data-widget_type=\"text-editor.default\">\n\t\t\t\t\t\t\t\t\t<p>Las faldas de invitada de Martina Maletti celebran la libertad de movimiento y el poder de lo femenino. Dise\u00f1adas en Madrid y producidas de forma \u00e9tica, son una oda a la elegancia consciente. Para su confecci\u00f3n, apostamos por materiales de calidad como lycra, sat\u00e9n, lana o terciopelo de seda<span style=\"font-weight: 400;\">, que garantizan durabilidad y, sobre todo, nunca pasan de moda.<\/span><\/p>\t\t\t\t\t\t\t\t<\/div>\n\t\t\t\t\t<\/div>\n\t\t\t\t<\/div>\n\t\t\t\t<div class=\"woocommerce elementor-element elementor-element-7fd57fd elementor-grid-3 elementor-widget__width-inherit elementor-grid-tablet-2 elementor-grid-mobile-1 elementor-widget elementor-widget-loop-grid\" data-id=\"7fd57fd\" data-element_type=\"widget\" data-e-type=\"widget\" data-settings=\"{&quot;_skin&quot;:&quot;product&quot;,&quot;template_id&quot;:&quot;4747&quot;,&quot;row_gap&quot;:{&quot;unit&quot;:&quot;px&quot;,&quot;size&quot;:48,&quot;sizes&quot;:[]},&quot;columns&quot;:3,&quot;columns_tablet&quot;:&quot;2&quot;,&quot;columns_mobile&quot;:&quot;1&quot;,&quot;edit_handle_selector&quot;:&quot;[data-elementor-type=\\&quot;loop-item\\&quot;]&quot;,&quot;row_gap_tablet&quot;:{&quot;unit&quot;:&quot;px&quot;,&quot;size&quot;:&quot;&quot;,&quot;sizes&quot;:[]},&quot;row_gap_mobile&quot;:{&quot;unit&quot;:&quot;px&quot;,&quot;size&quot;:&quot;&quot;,&quot;sizes&quot;:[]}}\" data-widget_type=\"loop-grid.product\">\n\t\t\t\t<div class=\"elementor-widget-container\">\n\t\t\t\t\t\t\t<div class=\"elementor-loop-container elementor-grid\" role=\"list\">\n\t\t<style id=\"loop-4747\">.elementor-4747 .elementor-element.elementor-element-91345f2{--display:flex;--flex-direction:column;--container-widget-width:calc( ( 1 - var( --container-widget-flex-grow ) ) * 100% );--container-widget-height:initial;--container-widget-flex-grow:0;--container-widget-align-self:initial;--flex-wrap-mobile:wrap;--justify-content:flex-start;--align-items:flex-start;--gap:32px 32px;--row-gap:32px;--column-gap:32px;}.elementor-widget-theme-post-featured-image .widget-image-caption{color:var( --e-global-color-text );font-family:var( --e-global-typography-text-font-family ), Sans-serif;font-weight:var( --e-global-typography-text-font-weight );}.elementor-4747 .elementor-element.elementor-element-0e3180f{margin:0px 0px calc(var(--kit-widget-spacing, 0px) + 0px) 0px;}.elementor-4747 .elementor-element.elementor-element-45a13a7{--display:flex;--flex-direction:row;--container-widget-width:calc( ( 1 - var( --container-widget-flex-grow ) ) * 100% );--container-widget-height:100%;--container-widget-flex-grow:1;--container-widget-align-self:stretch;--flex-wrap-mobile:wrap;--justify-content:space-between;--align-items:center;--gap:0px 0px;--row-gap:0px;--column-gap:0px;}.elementor-4747 .elementor-element.elementor-element-3a1a331{--display:flex;--flex-direction:column;--container-widget-width:calc( ( 1 - var( --container-widget-flex-grow ) ) * 100% );--container-widget-height:initial;--container-widget-flex-grow:0;--container-widget-align-self:initial;--flex-wrap-mobile:wrap;--justify-content:center;--align-items:flex-start;--gap:16px 16px;--row-gap:16px;--column-gap:16px;--padding-top:0px;--padding-bottom:0px;--padding-left:0px;--padding-right:0px;}.elementor-4747 .elementor-element.elementor-element-142828c{--display:flex;--flex-direction:row;--container-widget-width:calc( ( 1 - var( --container-widget-flex-grow ) ) * 100% );--container-widget-height:100%;--container-widget-flex-grow:1;--container-widget-align-self:stretch;--flex-wrap-mobile:wrap;--justify-content:flex-start;--align-items:center;--gap:4px 4px;--row-gap:4px;--column-gap:4px;--flex-wrap:nowrap;--padding-top:0px;--padding-bottom:0px;--padding-left:0px;--padding-right:0px;}.elementor-widget-text-editor{font-family:var( --e-global-typography-text-font-family ), Sans-serif;font-weight:var( --e-global-typography-text-font-weight );color:var( --e-global-color-text );}.elementor-widget-text-editor.elementor-drop-cap-view-stacked .elementor-drop-cap{background-color:var( --e-global-color-primary );}.elementor-widget-text-editor.elementor-drop-cap-view-framed .elementor-drop-cap, .elementor-widget-text-editor.elementor-drop-cap-view-default .elementor-drop-cap{color:var( --e-global-color-primary );border-color:var( --e-global-color-primary );}.elementor-4747 .elementor-element.elementor-element-ff0e4ef{text-align:start;font-family:\"neue-haas-grotesk-display\", Sans-serif;font-size:12px;font-weight:500;text-transform:none;font-style:normal;text-decoration:none;line-height:1.2em;letter-spacing:0px;padding:6px 10px 6px 10px;width:auto;max-width:auto;background-color:var( --e-global-color-443f378 );}.elementor-4747 .elementor-element.elementor-element-4902c36{text-align:start;font-family:\"neue-haas-grotesk-display\", Sans-serif;font-size:12px;font-weight:500;text-transform:none;font-style:normal;text-decoration:none;line-height:1.2em;letter-spacing:0px;color:var( --e-global-color-primary );padding:6px 10px 6px 10px;width:auto;max-width:auto;background-color:var( --e-global-color-accent );}.elementor-widget-woocommerce-product-title .elementor-heading-title{font-family:var( --e-global-typography-primary-font-family ), Sans-serif;font-weight:var( --e-global-typography-primary-font-weight );color:var( --e-global-color-primary );}.elementor-4747 .elementor-element.elementor-element-842794e{text-align:start;margin:0px 0px calc(var(--kit-widget-spacing, 0px) + 0px) 0px;}.elementor-4747 .elementor-element.elementor-element-842794e .elementor-heading-title{font-family:\"neue-haas-grotesk-display\", Sans-serif;font-size:18px;font-weight:500;text-transform:none;font-style:normal;text-decoration:none;line-height:1em;letter-spacing:0.6px;color:var( --e-global-color-accent );}.woocommerce .elementor-widget-woocommerce-product-price .price{color:var( --e-global-color-primary );font-family:var( --e-global-typography-primary-font-family ), Sans-serif;font-weight:var( --e-global-typography-primary-font-weight );}.woocommerce .elementor-4747 .elementor-element.elementor-element-d55c097 .price{color:var( --e-global-color-text );font-family:\"neue-haas-grotesk-display\", Sans-serif;font-size:14px;font-weight:500;text-transform:none;font-style:normal;text-decoration:none;line-height:1em;letter-spacing:0.4px;}.woocommerce .elementor-4747 .elementor-element.elementor-element-fc92101 .stock{font-family:\"neue-haas-grotesk-display\", Sans-serif;font-size:14px;font-weight:500;text-transform:none;font-style:normal;text-decoration:none;}@media(min-width:768px){.elementor-4747 .elementor-element.elementor-element-3a1a331{--width:50%;}}<\/style>\t\t<div data-elementor-type=\"loop-item\" data-elementor-id=\"4747\" class=\"elementor elementor-4747 e-loop-item e-loop-item-4812 post-4812 product type-product status-publish has-post-thumbnail product_cat-balck-friday product_cat-drop-1 product_cat-faldas product_cat-ropa first instock taxable shipping-taxable purchasable product-type-variable\" data-elementor-post-type=\"elementor_library\" data-custom-edit-handle=\"1\">\n\t\t\t<div class=\"elementor-element elementor-element-91345f2 e-flex e-con-boxed e-con e-parent\" data-id=\"91345f2\" data-element_type=\"container\" data-e-type=\"container\" data-settings=\"{&quot;jet_parallax_layout_list&quot;:[]}\">\n\t\t\t\t\t<div class=\"e-con-inner\">\n\t\t\t\t<div class=\"elementor-element elementor-element-0e3180f elementor-invisible elementor-widget elementor-widget-theme-post-featured-image elementor-widget-image\" data-id=\"0e3180f\" data-element_type=\"widget\" data-e-type=\"widget\" data-settings=\"{&quot;_animation&quot;:&quot;fadeInUp&quot;}\" data-widget_type=\"theme-post-featured-image.default\">\n\t\t\t\t\t\t\t\t\t\t\t\t\t\t\t\t<a href=\"https:\/\/martinamaletti.com\/en\/product\/falda-victoria-teja\/\">\n\t\t\t\t\t\t\t<img fetchpriority=\"high\" decoding=\"async\" width=\"768\" height=\"1024\" src=\"https:\/\/martinamaletti.com\/wp-content\/uploads\/2024\/11\/martinamaletti-img126-768x1024.webp\" class=\"attachment-large size-large wp-image-4813\" alt=\"\" srcset=\"https:\/\/martinamaletti.com\/wp-content\/uploads\/2024\/11\/martinamaletti-img126-768x1024.webp 768w, https:\/\/martinamaletti.com\/wp-content\/uploads\/2024\/11\/martinamaletti-img126-225x300.webp 225w, https:\/\/martinamaletti.com\/wp-content\/uploads\/2024\/11\/martinamaletti-img126-600x800.webp 600w, https:\/\/martinamaletti.com\/wp-content\/uploads\/2024\/11\/martinamaletti-img126.webp 1080w\" sizes=\"(max-width: 768px) 100vw, 768px\" \/>\t\t\t\t\t\t\t\t<\/a>\n\t\t\t\t\t\t\t\t\t\t\t\t\t\t\t<\/div>\n\t\t<div class=\"elementor-element elementor-element-45a13a7 e-con-full e-flex e-con e-child\" data-id=\"45a13a7\" data-element_type=\"container\" data-e-type=\"container\" data-settings=\"{&quot;jet_parallax_layout_list&quot;:[]}\">\n\t\t<div class=\"elementor-element elementor-element-3a1a331 e-con-full e-flex e-con e-child\" data-id=\"3a1a331\" data-element_type=\"container\" data-e-type=\"container\" data-settings=\"{&quot;jet_parallax_layout_list&quot;:[]}\">\n\t\t<div class=\"elementor-element elementor-element-142828c e-con-full e-flex e-con e-child\" data-id=\"142828c\" data-element_type=\"container\" data-e-type=\"container\" data-settings=\"{&quot;jet_parallax_layout_list&quot;:[]}\">\n\t\t\t\t<div class=\"elementor-element elementor-element-ff0e4ef elementor-widget__width-auto elementor-invisible elementor-widget elementor-widget-text-editor\" data-id=\"ff0e4ef\" data-element_type=\"widget\" data-e-type=\"widget\" data-settings=\"{&quot;_animation&quot;:&quot;fadeInUp&quot;}\" data-widget_type=\"text-editor.default\">\n\t\t\t\t\t\t\t\t\tStock\t\t\t\t\t\t\t\t<\/div>\n\t\t\t\t<\/div>\n\t\t\t\t<div class=\"elementor-element elementor-element-842794e elementor-invisible elementor-widget elementor-widget-woocommerce-product-title elementor-page-title elementor-widget-heading\" data-id=\"842794e\" data-element_type=\"widget\" data-e-type=\"widget\" data-settings=\"{&quot;_animation&quot;:&quot;fadeInUp&quot;}\" data-widget_type=\"woocommerce-product-title.default\">\n\t\t\t\t\t<h3 class=\"product_title entry-title elementor-heading-title elementor-size-default\"><a href=\"https:\/\/martinamaletti.com\/en\/product\/falda-victoria-teja\/\">Falda Victoria Teja<\/a><\/h3>\t\t\t\t<\/div>\n\t\t\t\t<div class=\"elementor-element elementor-element-d55c097 elementor-invisible elementor-widget elementor-widget-woocommerce-product-price\" data-id=\"d55c097\" data-element_type=\"widget\" data-e-type=\"widget\" data-settings=\"{&quot;_animation&quot;:&quot;fadeInUp&quot;}\" data-widget_type=\"woocommerce-product-price.default\">\n\t\t\t\t\t<p class=\"price\"><span class=\"woocommerce-Price-amount amount\"><bdi>160,00&nbsp;<span class=\"woocommerce-Price-currencySymbol\" translate=\"no\">&euro;<\/span><\/bdi><\/span> <small class=\"woocommerce-price-suffix\">IVA incluido<\/small><\/p>\n\t\t\t\t<\/div>\n\t\t\t\t<\/div>\n\t\t\t\t<\/div>\n\t\t\t\t\t<\/div>\n\t\t\t\t<\/div>\n\t\t\t\t<\/div>\n\t\t\t\t<div data-elementor-type=\"loop-item\" data-elementor-id=\"4747\" class=\"elementor elementor-4747 e-loop-item e-loop-item-6089 post-6089 product type-product status-publish has-post-thumbnail product_cat-balck-friday product_cat-drop-1 product_cat-faldas product_cat-ropa  instock taxable shipping-taxable purchasable product-type-variable\" data-elementor-post-type=\"elementor_library\" data-custom-edit-handle=\"1\">\n\t\t\t<div class=\"elementor-element elementor-element-91345f2 e-flex e-con-boxed e-con e-parent\" data-id=\"91345f2\" data-element_type=\"container\" data-e-type=\"container\" data-settings=\"{&quot;jet_parallax_layout_list&quot;:[]}\">\n\t\t\t\t\t<div class=\"e-con-inner\">\n\t\t\t\t<div class=\"elementor-element elementor-element-0e3180f elementor-invisible elementor-widget elementor-widget-theme-post-featured-image elementor-widget-image\" data-id=\"0e3180f\" data-element_type=\"widget\" data-e-type=\"widget\" data-settings=\"{&quot;_animation&quot;:&quot;fadeInUp&quot;}\" data-widget_type=\"theme-post-featured-image.default\">\n\t\t\t\t\t\t\t\t\t\t\t\t\t\t\t\t<a href=\"https:\/\/martinamaletti.com\/en\/product\/falda-victoria-lycra-marron-chocolate\/\">\n\t\t\t\t\t\t\t<img decoding=\"async\" width=\"752\" height=\"1024\" src=\"https:\/\/martinamaletti.com\/wp-content\/uploads\/2025\/05\/martinamaletti-img181-752x1024.webp\" class=\"attachment-large size-large wp-image-6121\" alt=\"\" srcset=\"https:\/\/martinamaletti.com\/wp-content\/uploads\/2025\/05\/martinamaletti-img181-752x1024.webp 752w, https:\/\/martinamaletti.com\/wp-content\/uploads\/2025\/05\/martinamaletti-img181-220x300.webp 220w, https:\/\/martinamaletti.com\/wp-content\/uploads\/2025\/05\/martinamaletti-img181-768x1045.webp 768w, https:\/\/martinamaletti.com\/wp-content\/uploads\/2025\/05\/martinamaletti-img181-600x817.webp 600w, https:\/\/martinamaletti.com\/wp-content\/uploads\/2025\/05\/martinamaletti-img181.webp 1080w\" sizes=\"(max-width: 752px) 100vw, 752px\" \/>\t\t\t\t\t\t\t\t<\/a>\n\t\t\t\t\t\t\t\t\t\t\t\t\t\t\t<\/div>\n\t\t<div class=\"elementor-element elementor-element-45a13a7 e-con-full e-flex e-con e-child\" data-id=\"45a13a7\" data-element_type=\"container\" data-e-type=\"container\" data-settings=\"{&quot;jet_parallax_layout_list&quot;:[]}\">\n\t\t<div class=\"elementor-element elementor-element-3a1a331 e-con-full e-flex e-con e-child\" data-id=\"3a1a331\" data-element_type=\"container\" data-e-type=\"container\" data-settings=\"{&quot;jet_parallax_layout_list&quot;:[]}\">\n\t\t<div class=\"elementor-element elementor-element-142828c e-con-full e-flex e-con e-child\" data-id=\"142828c\" data-element_type=\"container\" data-e-type=\"container\" data-settings=\"{&quot;jet_parallax_layout_list&quot;:[]}\">\n\t\t\t\t<div class=\"elementor-element elementor-element-ff0e4ef elementor-widget__width-auto elementor-invisible elementor-widget elementor-widget-text-editor\" data-id=\"ff0e4ef\" data-element_type=\"widget\" data-e-type=\"widget\" data-settings=\"{&quot;_animation&quot;:&quot;fadeInUp&quot;}\" data-widget_type=\"text-editor.default\">\n\t\t\t\t\t\t\t\t\tStock\t\t\t\t\t\t\t\t<\/div>\n\t\t\t\t<\/div>\n\t\t\t\t<div class=\"elementor-element elementor-element-842794e elementor-invisible elementor-widget elementor-widget-woocommerce-product-title elementor-page-title elementor-widget-heading\" data-id=\"842794e\" data-element_type=\"widget\" data-e-type=\"widget\" data-settings=\"{&quot;_animation&quot;:&quot;fadeInUp&quot;}\" data-widget_type=\"woocommerce-product-title.default\">\n\t\t\t\t\t<h3 class=\"product_title entry-title elementor-heading-title elementor-size-default\"><a href=\"https:\/\/martinamaletti.com\/en\/product\/falda-victoria-lycra-marron-chocolate\/\">Falda Victoria Lycra Marr\u00f3n Chocolate<\/a><\/h3>\t\t\t\t<\/div>\n\t\t\t\t<div class=\"elementor-element elementor-element-d55c097 elementor-invisible elementor-widget elementor-widget-woocommerce-product-price\" data-id=\"d55c097\" data-element_type=\"widget\" data-e-type=\"widget\" data-settings=\"{&quot;_animation&quot;:&quot;fadeInUp&quot;}\" data-widget_type=\"woocommerce-product-price.default\">\n\t\t\t\t\t<p class=\"price\"><span class=\"woocommerce-Price-amount amount\"><bdi>160,00&nbsp;<span class=\"woocommerce-Price-currencySymbol\" translate=\"no\">&euro;<\/span><\/bdi><\/span> <small class=\"woocommerce-price-suffix\">IVA incluido<\/small><\/p>\n\t\t\t\t<\/div>\n\t\t\t\t<\/div>\n\t\t\t\t<\/div>\n\t\t\t\t\t<\/div>\n\t\t\t\t<\/div>\n\t\t\t\t<\/div>\n\t\t\t\t<div data-elementor-type=\"loop-item\" data-elementor-id=\"4747\" class=\"elementor elementor-4747 e-loop-item e-loop-item-6090 post-6090 product type-product status-publish has-post-thumbnail product_cat-balck-friday product_cat-drop-1 product_cat-faldas product_cat-ropa  instock taxable shipping-taxable purchasable product-type-variable\" data-elementor-post-type=\"elementor_library\" data-custom-edit-handle=\"1\">\n\t\t\t<div class=\"elementor-element elementor-element-91345f2 e-flex e-con-boxed e-con e-parent\" data-id=\"91345f2\" data-element_type=\"container\" data-e-type=\"container\" data-settings=\"{&quot;jet_parallax_layout_list&quot;:[]}\">\n\t\t\t\t\t<div class=\"e-con-inner\">\n\t\t\t\t<div class=\"elementor-element elementor-element-0e3180f elementor-invisible elementor-widget elementor-widget-theme-post-featured-image elementor-widget-image\" data-id=\"0e3180f\" data-element_type=\"widget\" data-e-type=\"widget\" data-settings=\"{&quot;_animation&quot;:&quot;fadeInUp&quot;}\" data-widget_type=\"theme-post-featured-image.default\">\n\t\t\t\t\t\t\t\t\t\t\t\t\t\t\t\t<a href=\"https:\/\/martinamaletti.com\/en\/product\/falda-victoria-lycra-verde-grisaceo\/\">\n\t\t\t\t\t\t\t<img decoding=\"async\" width=\"752\" height=\"1024\" src=\"https:\/\/martinamaletti.com\/wp-content\/uploads\/2025\/05\/martinamaletti-img187-752x1024.webp\" class=\"attachment-large size-large wp-image-6128\" alt=\"\" srcset=\"https:\/\/martinamaletti.com\/wp-content\/uploads\/2025\/05\/martinamaletti-img187-752x1024.webp 752w, https:\/\/martinamaletti.com\/wp-content\/uploads\/2025\/05\/martinamaletti-img187-220x300.webp 220w, https:\/\/martinamaletti.com\/wp-content\/uploads\/2025\/05\/martinamaletti-img187-768x1045.webp 768w, https:\/\/martinamaletti.com\/wp-content\/uploads\/2025\/05\/martinamaletti-img187-600x817.webp 600w, https:\/\/martinamaletti.com\/wp-content\/uploads\/2025\/05\/martinamaletti-img187.webp 1080w\" sizes=\"(max-width: 752px) 100vw, 752px\" \/>\t\t\t\t\t\t\t\t<\/a>\n\t\t\t\t\t\t\t\t\t\t\t\t\t\t\t<\/div>\n\t\t<div class=\"elementor-element elementor-element-45a13a7 e-con-full e-flex e-con e-child\" data-id=\"45a13a7\" data-element_type=\"container\" data-e-type=\"container\" data-settings=\"{&quot;jet_parallax_layout_list&quot;:[]}\">\n\t\t<div class=\"elementor-element elementor-element-3a1a331 e-con-full e-flex e-con e-child\" data-id=\"3a1a331\" data-element_type=\"container\" data-e-type=\"container\" data-settings=\"{&quot;jet_parallax_layout_list&quot;:[]}\">\n\t\t<div class=\"elementor-element elementor-element-142828c e-con-full e-flex e-con e-child\" data-id=\"142828c\" data-element_type=\"container\" data-e-type=\"container\" data-settings=\"{&quot;jet_parallax_layout_list&quot;:[]}\">\n\t\t\t\t<div class=\"elementor-element elementor-element-ff0e4ef elementor-widget__width-auto elementor-invisible elementor-widget elementor-widget-text-editor\" data-id=\"ff0e4ef\" data-element_type=\"widget\" data-e-type=\"widget\" data-settings=\"{&quot;_animation&quot;:&quot;fadeInUp&quot;}\" data-widget_type=\"text-editor.default\">\n\t\t\t\t\t\t\t\t\tStock\t\t\t\t\t\t\t\t<\/div>\n\t\t\t\t<\/div>\n\t\t\t\t<div class=\"elementor-element elementor-element-842794e elementor-invisible elementor-widget elementor-widget-woocommerce-product-title elementor-page-title elementor-widget-heading\" data-id=\"842794e\" data-element_type=\"widget\" data-e-type=\"widget\" data-settings=\"{&quot;_animation&quot;:&quot;fadeInUp&quot;}\" data-widget_type=\"woocommerce-product-title.default\">\n\t\t\t\t\t<h3 class=\"product_title entry-title elementor-heading-title elementor-size-default\"><a href=\"https:\/\/martinamaletti.com\/en\/product\/falda-victoria-lycra-verde-grisaceo\/\">Falda Victoria Lycra Verde Gris\u00e1ceo<\/a><\/h3>\t\t\t\t<\/div>\n\t\t\t\t<div class=\"elementor-element elementor-element-d55c097 elementor-invisible elementor-widget elementor-widget-woocommerce-product-price\" data-id=\"d55c097\" data-element_type=\"widget\" data-e-type=\"widget\" data-settings=\"{&quot;_animation&quot;:&quot;fadeInUp&quot;}\" data-widget_type=\"woocommerce-product-price.default\">\n\t\t\t\t\t<p class=\"price\"><span class=\"woocommerce-Price-amount amount\"><bdi>160,00&nbsp;<span class=\"woocommerce-Price-currencySymbol\" translate=\"no\">&euro;<\/span><\/bdi><\/span> <small class=\"woocommerce-price-suffix\">IVA incluido<\/small><\/p>\n\t\t\t\t<\/div>\n\t\t\t\t<\/div>\n\t\t\t\t<\/div>\n\t\t\t\t\t<\/div>\n\t\t\t\t<\/div>\n\t\t\t\t<\/div>\n\t\t\t\t<div data-elementor-type=\"loop-item\" data-elementor-id=\"4747\" class=\"elementor elementor-4747 e-loop-item e-loop-item-2078 post-2078 product type-product status-publish has-post-thumbnail coleccion-studio product_cat-archivo product_cat-balck-friday product_cat-faldas product_cat-ropa last instock taxable shipping-taxable purchasable product-type-variable has-default-attributes\" data-elementor-post-type=\"elementor_library\" data-custom-edit-handle=\"1\">\n\t\t\t<div class=\"elementor-element elementor-element-91345f2 e-flex e-con-boxed e-con e-parent\" data-id=\"91345f2\" data-element_type=\"container\" data-e-type=\"container\" data-settings=\"{&quot;jet_parallax_layout_list&quot;:[]}\">\n\t\t\t\t\t<div class=\"e-con-inner\">\n\t\t\t\t<div class=\"elementor-element elementor-element-0e3180f elementor-invisible elementor-widget elementor-widget-theme-post-featured-image elementor-widget-image\" data-id=\"0e3180f\" data-element_type=\"widget\" data-e-type=\"widget\" data-settings=\"{&quot;_animation&quot;:&quot;fadeInUp&quot;}\" data-widget_type=\"theme-post-featured-image.default\">\n\t\t\t\t\t\t\t\t\t\t\t\t\t\t\t\t<a href=\"https:\/\/martinamaletti.com\/en\/product\/falda-flavia\/\">\n\t\t\t\t\t\t\t<img loading=\"lazy\" decoding=\"async\" width=\"768\" height=\"1024\" src=\"https:\/\/martinamaletti.com\/wp-content\/uploads\/2024\/11\/martinamaletti-img47-768x1024.webp\" class=\"attachment-large size-large wp-image-4469\" alt=\"\" srcset=\"https:\/\/martinamaletti.com\/wp-content\/uploads\/2024\/11\/martinamaletti-img47-768x1024.webp 768w, https:\/\/martinamaletti.com\/wp-content\/uploads\/2024\/11\/martinamaletti-img47-225x300.webp 225w, https:\/\/martinamaletti.com\/wp-content\/uploads\/2024\/11\/martinamaletti-img47-600x800.webp 600w, https:\/\/martinamaletti.com\/wp-content\/uploads\/2024\/11\/martinamaletti-img47.webp 1080w\" sizes=\"(max-width: 768px) 100vw, 768px\" \/>\t\t\t\t\t\t\t\t<\/a>\n\t\t\t\t\t\t\t\t\t\t\t\t\t\t\t<\/div>\n\t\t<div class=\"elementor-element elementor-element-45a13a7 e-con-full e-flex e-con e-child\" data-id=\"45a13a7\" data-element_type=\"container\" data-e-type=\"container\" data-settings=\"{&quot;jet_parallax_layout_list&quot;:[]}\">\n\t\t<div class=\"elementor-element elementor-element-3a1a331 e-con-full e-flex e-con e-child\" data-id=\"3a1a331\" data-element_type=\"container\" data-e-type=\"container\" data-settings=\"{&quot;jet_parallax_layout_list&quot;:[]}\">\n\t\t<div class=\"elementor-element elementor-element-142828c e-con-full e-flex e-con e-child\" data-id=\"142828c\" data-element_type=\"container\" data-e-type=\"container\" data-settings=\"{&quot;jet_parallax_layout_list&quot;:[]}\">\n\t\t\t\t<div class=\"elementor-element elementor-element-ff0e4ef elementor-widget__width-auto elementor-invisible elementor-widget elementor-widget-text-editor\" data-id=\"ff0e4ef\" data-element_type=\"widget\" data-e-type=\"widget\" data-settings=\"{&quot;_animation&quot;:&quot;fadeInUp&quot;}\" data-widget_type=\"text-editor.default\">\n\t\t\t\t\t\t\t\t\tStock\t\t\t\t\t\t\t\t<\/div>\n\t\t\t\t<\/div>\n\t\t\t\t<div class=\"elementor-element elementor-element-842794e elementor-invisible elementor-widget elementor-widget-woocommerce-product-title elementor-page-title elementor-widget-heading\" data-id=\"842794e\" data-element_type=\"widget\" data-e-type=\"widget\" data-settings=\"{&quot;_animation&quot;:&quot;fadeInUp&quot;}\" data-widget_type=\"woocommerce-product-title.default\">\n\t\t\t\t\t<h3 class=\"product_title entry-title elementor-heading-title elementor-size-default\"><a href=\"https:\/\/martinamaletti.com\/en\/product\/falda-flavia\/\">Falda Flavia Verde Gris\u00e1ceo<\/a><\/h3>\t\t\t\t<\/div>\n\t\t\t\t<div class=\"elementor-element elementor-element-d55c097 elementor-invisible elementor-widget elementor-widget-woocommerce-product-price\" data-id=\"d55c097\" data-element_type=\"widget\" data-e-type=\"widget\" data-settings=\"{&quot;_animation&quot;:&quot;fadeInUp&quot;}\" data-widget_type=\"woocommerce-product-price.default\">\n\t\t\t\t\t<p class=\"price\"><span class=\"woocommerce-Price-amount amount\"><bdi>180,00&nbsp;<span class=\"woocommerce-Price-currencySymbol\" translate=\"no\">&euro;<\/span><\/bdi><\/span> <small class=\"woocommerce-price-suffix\">IVA incluido<\/small><\/p>\n\t\t\t\t<\/div>\n\t\t\t\t<\/div>\n\t\t\t\t<\/div>\n\t\t\t\t\t<\/div>\n\t\t\t\t<\/div>\n\t\t\t\t<\/div>\n\t\t\t\t<div data-elementor-type=\"loop-item\" data-elementor-id=\"4747\" class=\"elementor elementor-4747 e-loop-item e-loop-item-2123 post-2123 product type-product status-publish has-post-thumbnail coleccion-studio product_cat-archivo product_cat-faldas product_cat-ropa first instock taxable shipping-taxable purchasable product-type-variable\" data-elementor-post-type=\"elementor_library\" data-custom-edit-handle=\"1\">\n\t\t\t<div class=\"elementor-element elementor-element-91345f2 e-flex e-con-boxed e-con e-parent\" data-id=\"91345f2\" data-element_type=\"container\" data-e-type=\"container\" data-settings=\"{&quot;jet_parallax_layout_list&quot;:[]}\">\n\t\t\t\t\t<div class=\"e-con-inner\">\n\t\t\t\t<div class=\"elementor-element elementor-element-0e3180f elementor-invisible elementor-widget elementor-widget-theme-post-featured-image elementor-widget-image\" data-id=\"0e3180f\" data-element_type=\"widget\" data-e-type=\"widget\" data-settings=\"{&quot;_animation&quot;:&quot;fadeInUp&quot;}\" data-widget_type=\"theme-post-featured-image.default\">\n\t\t\t\t\t\t\t\t\t\t\t\t\t\t\t\t<a href=\"https:\/\/martinamaletti.com\/en\/product\/falda-valentina\/\">\n\t\t\t\t\t\t\t<img loading=\"lazy\" decoding=\"async\" width=\"768\" height=\"1024\" src=\"https:\/\/martinamaletti.com\/wp-content\/uploads\/2024\/11\/martinamaletti-img51-768x1024.webp\" class=\"attachment-large size-large wp-image-4473\" alt=\"\" srcset=\"https:\/\/martinamaletti.com\/wp-content\/uploads\/2024\/11\/martinamaletti-img51-768x1024.webp 768w, https:\/\/martinamaletti.com\/wp-content\/uploads\/2024\/11\/martinamaletti-img51-225x300.webp 225w, https:\/\/martinamaletti.com\/wp-content\/uploads\/2024\/11\/martinamaletti-img51-600x800.webp 600w, https:\/\/martinamaletti.com\/wp-content\/uploads\/2024\/11\/martinamaletti-img51.webp 1080w\" sizes=\"(max-width: 768px) 100vw, 768px\" \/>\t\t\t\t\t\t\t\t<\/a>\n\t\t\t\t\t\t\t\t\t\t\t\t\t\t\t<\/div>\n\t\t<div class=\"elementor-element elementor-element-45a13a7 e-con-full e-flex e-con e-child\" data-id=\"45a13a7\" data-element_type=\"container\" data-e-type=\"container\" data-settings=\"{&quot;jet_parallax_layout_list&quot;:[]}\">\n\t\t<div class=\"elementor-element elementor-element-3a1a331 e-con-full e-flex e-con e-child\" data-id=\"3a1a331\" data-element_type=\"container\" data-e-type=\"container\" data-settings=\"{&quot;jet_parallax_layout_list&quot;:[]}\">\n\t\t<div class=\"elementor-element elementor-element-142828c e-con-full e-flex e-con e-child\" data-id=\"142828c\" data-element_type=\"container\" data-e-type=\"container\" data-settings=\"{&quot;jet_parallax_layout_list&quot;:[]}\">\n\t\t\t\t<div class=\"elementor-element elementor-element-ff0e4ef elementor-widget__width-auto elementor-invisible elementor-widget elementor-widget-text-editor\" data-id=\"ff0e4ef\" data-element_type=\"widget\" data-e-type=\"widget\" data-settings=\"{&quot;_animation&quot;:&quot;fadeInUp&quot;}\" data-widget_type=\"text-editor.default\">\n\t\t\t\t\t\t\t\t\tStock\t\t\t\t\t\t\t\t<\/div>\n\t\t\t\t<\/div>\n\t\t\t\t<div class=\"elementor-element elementor-element-842794e elementor-invisible elementor-widget elementor-widget-woocommerce-product-title elementor-page-title elementor-widget-heading\" data-id=\"842794e\" data-element_type=\"widget\" data-e-type=\"widget\" data-settings=\"{&quot;_animation&quot;:&quot;fadeInUp&quot;}\" data-widget_type=\"woocommerce-product-title.default\">\n\t\t\t\t\t<h3 class=\"product_title entry-title elementor-heading-title elementor-size-default\"><a href=\"https:\/\/martinamaletti.com\/en\/product\/falda-valentina\/\">Falda Valentina<\/a><\/h3>\t\t\t\t<\/div>\n\t\t\t\t<div class=\"elementor-element elementor-element-d55c097 elementor-invisible elementor-widget elementor-widget-woocommerce-product-price\" data-id=\"d55c097\" data-element_type=\"widget\" data-e-type=\"widget\" data-settings=\"{&quot;_animation&quot;:&quot;fadeInUp&quot;}\" data-widget_type=\"woocommerce-product-price.default\">\n\t\t\t\t\t<p class=\"price\"><span class=\"woocommerce-Price-amount amount\"><bdi>180,00&nbsp;<span class=\"woocommerce-Price-currencySymbol\" translate=\"no\">&euro;<\/span><\/bdi><\/span> <small class=\"woocommerce-price-suffix\">IVA incluido<\/small><\/p>\n\t\t\t\t<\/div>\n\t\t\t\t<\/div>\n\t\t\t\t<\/div>\n\t\t\t\t\t<\/div>\n\t\t\t\t<\/div>\n\t\t\t\t<\/div>\n\t\t\t\t<div data-elementor-type=\"loop-item\" data-elementor-id=\"4747\" class=\"elementor elementor-4747 e-loop-item e-loop-item-4790 post-4790 product type-product status-publish has-post-thumbnail product_cat-archivo product_cat-faldas product_cat-ropa  instock taxable shipping-taxable purchasable product-type-variable\" data-elementor-post-type=\"elementor_library\" data-custom-edit-handle=\"1\">\n\t\t\t<div class=\"elementor-element elementor-element-91345f2 e-flex e-con-boxed e-con e-parent\" data-id=\"91345f2\" data-element_type=\"container\" data-e-type=\"container\" data-settings=\"{&quot;jet_parallax_layout_list&quot;:[]}\">\n\t\t\t\t\t<div class=\"e-con-inner\">\n\t\t\t\t<div class=\"elementor-element elementor-element-0e3180f elementor-invisible elementor-widget elementor-widget-theme-post-featured-image elementor-widget-image\" data-id=\"0e3180f\" data-element_type=\"widget\" data-e-type=\"widget\" data-settings=\"{&quot;_animation&quot;:&quot;fadeInUp&quot;}\" data-widget_type=\"theme-post-featured-image.default\">\n\t\t\t\t\t\t\t\t\t\t\t\t\t\t\t\t<a href=\"https:\/\/martinamaletti.com\/en\/product\/falda-flora-verde\/\">\n\t\t\t\t\t\t\t<img loading=\"lazy\" decoding=\"async\" width=\"768\" height=\"1024\" src=\"https:\/\/martinamaletti.com\/wp-content\/uploads\/2026\/04\/martinamaletti_img327-768x1024.webp\" class=\"attachment-large size-large wp-image-8323\" alt=\"Imagen del top pia verde y la falda flora verde de martina maletti\" srcset=\"https:\/\/martinamaletti.com\/wp-content\/uploads\/2026\/04\/martinamaletti_img327-768x1024.webp 768w, https:\/\/martinamaletti.com\/wp-content\/uploads\/2026\/04\/martinamaletti_img327-225x300.webp 225w, https:\/\/martinamaletti.com\/wp-content\/uploads\/2026\/04\/martinamaletti_img327-9x12.webp 9w, https:\/\/martinamaletti.com\/wp-content\/uploads\/2026\/04\/martinamaletti_img327-600x800.webp 600w, https:\/\/martinamaletti.com\/wp-content\/uploads\/2026\/04\/martinamaletti_img327.webp 1080w\" sizes=\"(max-width: 768px) 100vw, 768px\" \/>\t\t\t\t\t\t\t\t<\/a>\n\t\t\t\t\t\t\t\t\t\t\t\t\t\t\t<\/div>\n\t\t<div class=\"elementor-element elementor-element-45a13a7 e-con-full e-flex e-con e-child\" data-id=\"45a13a7\" data-element_type=\"container\" data-e-type=\"container\" data-settings=\"{&quot;jet_parallax_layout_list&quot;:[]}\">\n\t\t<div class=\"elementor-element elementor-element-3a1a331 e-con-full e-flex e-con e-child\" data-id=\"3a1a331\" data-element_type=\"container\" data-e-type=\"container\" data-settings=\"{&quot;jet_parallax_layout_list&quot;:[]}\">\n\t\t<div class=\"elementor-element elementor-element-142828c e-con-full e-flex e-con e-child\" data-id=\"142828c\" data-element_type=\"container\" data-e-type=\"container\" data-settings=\"{&quot;jet_parallax_layout_list&quot;:[]}\">\n\t\t\t\t<div class=\"elementor-element elementor-element-ff0e4ef elementor-widget__width-auto elementor-invisible elementor-widget elementor-widget-text-editor\" data-id=\"ff0e4ef\" data-element_type=\"widget\" data-e-type=\"widget\" data-settings=\"{&quot;_animation&quot;:&quot;fadeInUp&quot;}\" data-widget_type=\"text-editor.default\">\n\t\t\t\t\t\t\t\t\tStock\t\t\t\t\t\t\t\t<\/div>\n\t\t\t\t<\/div>\n\t\t\t\t<div class=\"elementor-element elementor-element-842794e elementor-invisible elementor-widget elementor-widget-woocommerce-product-title elementor-page-title elementor-widget-heading\" data-id=\"842794e\" data-element_type=\"widget\" data-e-type=\"widget\" data-settings=\"{&quot;_animation&quot;:&quot;fadeInUp&quot;}\" data-widget_type=\"woocommerce-product-title.default\">\n\t\t\t\t\t<h3 class=\"product_title entry-title elementor-heading-title elementor-size-default\"><a href=\"https:\/\/martinamaletti.com\/en\/product\/falda-flora-verde\/\">Falda Flora Verde<\/a><\/h3>\t\t\t\t<\/div>\n\t\t\t\t<div class=\"elementor-element elementor-element-d55c097 elementor-invisible elementor-widget elementor-widget-woocommerce-product-price\" data-id=\"d55c097\" data-element_type=\"widget\" data-e-type=\"widget\" data-settings=\"{&quot;_animation&quot;:&quot;fadeInUp&quot;}\" data-widget_type=\"woocommerce-product-price.default\">\n\t\t\t\t\t<p class=\"price\"><span class=\"woocommerce-Price-amount amount\"><bdi>180,00&nbsp;<span class=\"woocommerce-Price-currencySymbol\" translate=\"no\">&euro;<\/span><\/bdi><\/span> <small class=\"woocommerce-price-suffix\">IVA incluido<\/small><\/p>\n\t\t\t\t<\/div>\n\t\t\t\t<\/div>\n\t\t\t\t<\/div>\n\t\t\t\t\t<\/div>\n\t\t\t\t<\/div>\n\t\t\t\t<\/div>\n\t\t\t\t<div data-elementor-type=\"loop-item\" data-elementor-id=\"4747\" class=\"elementor elementor-4747 e-loop-item e-loop-item-4796 post-4796 product type-product status-publish has-post-thumbnail product_cat-archivo product_cat-faldas product_cat-ropa  instock taxable shipping-taxable purchasable product-type-variable\" data-elementor-post-type=\"elementor_library\" data-custom-edit-handle=\"1\">\n\t\t\t<div class=\"elementor-element elementor-element-91345f2 e-flex e-con-boxed e-con e-parent\" data-id=\"91345f2\" data-element_type=\"container\" data-e-type=\"container\" data-settings=\"{&quot;jet_parallax_layout_list&quot;:[]}\">\n\t\t\t\t\t<div class=\"e-con-inner\">\n\t\t\t\t<div class=\"elementor-element elementor-element-0e3180f elementor-invisible elementor-widget elementor-widget-theme-post-featured-image elementor-widget-image\" data-id=\"0e3180f\" data-element_type=\"widget\" data-e-type=\"widget\" data-settings=\"{&quot;_animation&quot;:&quot;fadeInUp&quot;}\" data-widget_type=\"theme-post-featured-image.default\">\n\t\t\t\t\t\t\t\t\t\t\t\t\t\t\t\t<a href=\"https:\/\/martinamaletti.com\/en\/product\/falda-flora-blanco-95\/\">\n\t\t\t\t\t\t\t<img loading=\"lazy\" decoding=\"async\" width=\"768\" height=\"1024\" src=\"https:\/\/martinamaletti.com\/wp-content\/uploads\/2026\/04\/martinamaletti_img349-1-768x1024.webp\" class=\"attachment-large size-large wp-image-8517\" alt=\"Imagen del top pia blanco y falda flora blanca de martina maletti brand\" srcset=\"https:\/\/martinamaletti.com\/wp-content\/uploads\/2026\/04\/martinamaletti_img349-1-768x1024.webp 768w, https:\/\/martinamaletti.com\/wp-content\/uploads\/2026\/04\/martinamaletti_img349-1-225x300.webp 225w, https:\/\/martinamaletti.com\/wp-content\/uploads\/2026\/04\/martinamaletti_img349-1-9x12.webp 9w, https:\/\/martinamaletti.com\/wp-content\/uploads\/2026\/04\/martinamaletti_img349-1-600x800.webp 600w, https:\/\/martinamaletti.com\/wp-content\/uploads\/2026\/04\/martinamaletti_img349-1.webp 1080w\" sizes=\"(max-width: 768px) 100vw, 768px\" \/>\t\t\t\t\t\t\t\t<\/a>\n\t\t\t\t\t\t\t\t\t\t\t\t\t\t\t<\/div>\n\t\t<div class=\"elementor-element elementor-element-45a13a7 e-con-full e-flex e-con e-child\" data-id=\"45a13a7\" data-element_type=\"container\" data-e-type=\"container\" data-settings=\"{&quot;jet_parallax_layout_list&quot;:[]}\">\n\t\t<div class=\"elementor-element elementor-element-3a1a331 e-con-full e-flex e-con e-child\" data-id=\"3a1a331\" data-element_type=\"container\" data-e-type=\"container\" data-settings=\"{&quot;jet_parallax_layout_list&quot;:[]}\">\n\t\t<div class=\"elementor-element elementor-element-142828c e-con-full e-flex e-con e-child\" data-id=\"142828c\" data-element_type=\"container\" data-e-type=\"container\" data-settings=\"{&quot;jet_parallax_layout_list&quot;:[]}\">\n\t\t\t\t<div class=\"elementor-element elementor-element-ff0e4ef elementor-widget__width-auto elementor-invisible elementor-widget elementor-widget-text-editor\" data-id=\"ff0e4ef\" data-element_type=\"widget\" data-e-type=\"widget\" data-settings=\"{&quot;_animation&quot;:&quot;fadeInUp&quot;}\" data-widget_type=\"text-editor.default\">\n\t\t\t\t\t\t\t\t\tStock\t\t\t\t\t\t\t\t<\/div>\n\t\t\t\t<\/div>\n\t\t\t\t<div class=\"elementor-element elementor-element-842794e elementor-invisible elementor-widget elementor-widget-woocommerce-product-title elementor-page-title elementor-widget-heading\" data-id=\"842794e\" data-element_type=\"widget\" data-e-type=\"widget\" data-settings=\"{&quot;_animation&quot;:&quot;fadeInUp&quot;}\" data-widget_type=\"woocommerce-product-title.default\">\n\t\t\t\t\t<h3 class=\"product_title entry-title elementor-heading-title elementor-size-default\"><a href=\"https:\/\/martinamaletti.com\/en\/product\/falda-flora-blanco-95\/\">Falda Flora Blanco<\/a><\/h3>\t\t\t\t<\/div>\n\t\t\t\t<div class=\"elementor-element elementor-element-d55c097 elementor-invisible elementor-widget elementor-widget-woocommerce-product-price\" data-id=\"d55c097\" data-element_type=\"widget\" data-e-type=\"widget\" data-settings=\"{&quot;_animation&quot;:&quot;fadeInUp&quot;}\" data-widget_type=\"woocommerce-product-price.default\">\n\t\t\t\t\t<p class=\"price\"><span class=\"woocommerce-Price-amount amount\"><bdi>180,00&nbsp;<span class=\"woocommerce-Price-currencySymbol\" translate=\"no\">&euro;<\/span><\/bdi><\/span> <small class=\"woocommerce-price-suffix\">IVA incluido<\/small><\/p>\n\t\t\t\t<\/div>\n\t\t\t\t<\/div>\n\t\t\t\t<div class=\"elementor-element elementor-element-fc92101 elementor-widget elementor-widget-woocommerce-product-stock\" data-id=\"fc92101\" data-element_type=\"widget\" data-e-type=\"widget\" data-widget_type=\"woocommerce-product-stock.default\">\n\t\t\t\t\t<p class=\"stock in-stock\">In stock<\/p>\n\t\t\t\t<\/div>\n\t\t\t\t<\/div>\n\t\t\t\t\t<\/div>\n\t\t\t\t<\/div>\n\t\t\t\t<\/div>\n\t\t\t\t<div data-elementor-type=\"loop-item\" data-elementor-id=\"4747\" class=\"elementor elementor-4747 e-loop-item e-loop-item-5518 post-5518 product type-product status-publish has-post-thumbnail product_cat-archivo product_cat-balck-friday product_cat-faldas product_cat-ropa last instock taxable shipping-taxable purchasable product-type-variable\" data-elementor-post-type=\"elementor_library\" data-custom-edit-handle=\"1\">\n\t\t\t<div class=\"elementor-element elementor-element-91345f2 e-flex e-con-boxed e-con e-parent\" data-id=\"91345f2\" data-element_type=\"container\" data-e-type=\"container\" data-settings=\"{&quot;jet_parallax_layout_list&quot;:[]}\">\n\t\t\t\t\t<div class=\"e-con-inner\">\n\t\t\t\t<div class=\"elementor-element elementor-element-0e3180f elementor-invisible elementor-widget elementor-widget-theme-post-featured-image elementor-widget-image\" data-id=\"0e3180f\" data-element_type=\"widget\" data-e-type=\"widget\" data-settings=\"{&quot;_animation&quot;:&quot;fadeInUp&quot;}\" data-widget_type=\"theme-post-featured-image.default\">\n\t\t\t\t\t\t\t\t\t\t\t\t\t\t\t\t<a href=\"https:\/\/martinamaletti.com\/en\/product\/falda-flavia-2\/\">\n\t\t\t\t\t\t\t<img loading=\"lazy\" decoding=\"async\" width=\"768\" height=\"1024\" src=\"https:\/\/martinamaletti.com\/wp-content\/uploads\/2024\/11\/martinamaletti-img154-1-768x1024.webp\" class=\"attachment-large size-large wp-image-5523\" alt=\"\" srcset=\"https:\/\/martinamaletti.com\/wp-content\/uploads\/2024\/11\/martinamaletti-img154-1-768x1024.webp 768w, https:\/\/martinamaletti.com\/wp-content\/uploads\/2024\/11\/martinamaletti-img154-1-225x300.webp 225w, https:\/\/martinamaletti.com\/wp-content\/uploads\/2024\/11\/martinamaletti-img154-1-600x800.webp 600w, https:\/\/martinamaletti.com\/wp-content\/uploads\/2024\/11\/martinamaletti-img154-1.webp 1080w\" sizes=\"(max-width: 768px) 100vw, 768px\" \/>\t\t\t\t\t\t\t\t<\/a>\n\t\t\t\t\t\t\t\t\t\t\t\t\t\t\t<\/div>\n\t\t<div class=\"elementor-element elementor-element-45a13a7 e-con-full e-flex e-con e-child\" data-id=\"45a13a7\" data-element_type=\"container\" data-e-type=\"container\" data-settings=\"{&quot;jet_parallax_layout_list&quot;:[]}\">\n\t\t<div class=\"elementor-element elementor-element-3a1a331 e-con-full e-flex e-con e-child\" data-id=\"3a1a331\" data-element_type=\"container\" data-e-type=\"container\" data-settings=\"{&quot;jet_parallax_layout_list&quot;:[]}\">\n\t\t<div class=\"elementor-element elementor-element-142828c e-con-full e-flex e-con e-child\" data-id=\"142828c\" data-element_type=\"container\" data-e-type=\"container\" data-settings=\"{&quot;jet_parallax_layout_list&quot;:[]}\">\n\t\t\t\t<div class=\"elementor-element elementor-element-ff0e4ef elementor-widget__width-auto elementor-invisible elementor-widget elementor-widget-text-editor\" data-id=\"ff0e4ef\" data-element_type=\"widget\" data-e-type=\"widget\" data-settings=\"{&quot;_animation&quot;:&quot;fadeInUp&quot;}\" data-widget_type=\"text-editor.default\">\n\t\t\t\t\t\t\t\t\tStock\t\t\t\t\t\t\t\t<\/div>\n\t\t\t\t<\/div>\n\t\t\t\t<div class=\"elementor-element elementor-element-842794e elementor-invisible elementor-widget elementor-widget-woocommerce-product-title elementor-page-title elementor-widget-heading\" data-id=\"842794e\" data-element_type=\"widget\" data-e-type=\"widget\" data-settings=\"{&quot;_animation&quot;:&quot;fadeInUp&quot;}\" data-widget_type=\"woocommerce-product-title.default\">\n\t\t\t\t\t<h3 class=\"product_title entry-title elementor-heading-title elementor-size-default\"><a href=\"https:\/\/martinamaletti.com\/en\/product\/falda-flavia-2\/\">Falda Flavia Teja<\/a><\/h3>\t\t\t\t<\/div>\n\t\t\t\t<div class=\"elementor-element elementor-element-d55c097 elementor-invisible elementor-widget elementor-widget-woocommerce-product-price\" data-id=\"d55c097\" data-element_type=\"widget\" data-e-type=\"widget\" data-settings=\"{&quot;_animation&quot;:&quot;fadeInUp&quot;}\" data-widget_type=\"woocommerce-product-price.default\">\n\t\t\t\t\t<p class=\"price\"><span class=\"woocommerce-Price-amount amount\"><bdi>180,00&nbsp;<span class=\"woocommerce-Price-currencySymbol\" translate=\"no\">&euro;<\/span><\/bdi><\/span> <small class=\"woocommerce-price-suffix\">IVA incluido<\/small><\/p>\n\t\t\t\t<\/div>\n\t\t\t\t<\/div>\n\t\t\t\t<div class=\"elementor-element elementor-element-fc92101 elementor-widget elementor-widget-woocommerce-product-stock\" data-id=\"fc92101\" data-element_type=\"widget\" data-e-type=\"widget\" data-widget_type=\"woocommerce-product-stock.default\">\n\t\t\t\t\t<p class=\"stock in-stock\">In stock<\/p>\n\t\t\t\t<\/div>\n\t\t\t\t<\/div>\n\t\t\t\t\t<\/div>\n\t\t\t\t<\/div>\n\t\t\t\t<\/div>\n\t\t\t\t<div data-elementor-type=\"loop-item\" data-elementor-id=\"4747\" class=\"elementor elementor-4747 e-loop-item e-loop-item-6321 post-6321 product type-product status-publish has-post-thumbnail product_cat-drop-1 product_cat-faldas product_cat-ropa first instock taxable shipping-taxable purchasable product-type-variable\" data-elementor-post-type=\"elementor_library\" data-custom-edit-handle=\"1\">\n\t\t\t<div class=\"elementor-element elementor-element-91345f2 e-flex e-con-boxed e-con e-parent\" data-id=\"91345f2\" data-element_type=\"container\" data-e-type=\"container\" data-settings=\"{&quot;jet_parallax_layout_list&quot;:[]}\">\n\t\t\t\t\t<div class=\"e-con-inner\">\n\t\t\t\t<div class=\"elementor-element elementor-element-0e3180f elementor-invisible elementor-widget elementor-widget-theme-post-featured-image elementor-widget-image\" data-id=\"0e3180f\" data-element_type=\"widget\" data-e-type=\"widget\" data-settings=\"{&quot;_animation&quot;:&quot;fadeInUp&quot;}\" data-widget_type=\"theme-post-featured-image.default\">\n\t\t\t\t\t\t\t\t\t\t\t\t\t\t\t\t<a href=\"https:\/\/martinamaletti.com\/en\/product\/falda-flora-dorada-2\/\">\n\t\t\t\t\t\t\t<img loading=\"lazy\" decoding=\"async\" width=\"768\" height=\"1024\" src=\"https:\/\/martinamaletti.com\/wp-content\/uploads\/2026\/04\/martinamaletti_img360-768x1024.webp\" class=\"attachment-large size-large wp-image-8531\" alt=\"imagen falda flora dorada de martina maletti brand\" srcset=\"https:\/\/martinamaletti.com\/wp-content\/uploads\/2026\/04\/martinamaletti_img360-768x1024.webp 768w, https:\/\/martinamaletti.com\/wp-content\/uploads\/2026\/04\/martinamaletti_img360-225x300.webp 225w, https:\/\/martinamaletti.com\/wp-content\/uploads\/2026\/04\/martinamaletti_img360-9x12.webp 9w, https:\/\/martinamaletti.com\/wp-content\/uploads\/2026\/04\/martinamaletti_img360-600x800.webp 600w, https:\/\/martinamaletti.com\/wp-content\/uploads\/2026\/04\/martinamaletti_img360.webp 1080w\" sizes=\"(max-width: 768px) 100vw, 768px\" \/>\t\t\t\t\t\t\t\t<\/a>\n\t\t\t\t\t\t\t\t\t\t\t\t\t\t\t<\/div>\n\t\t<div class=\"elementor-element elementor-element-45a13a7 e-con-full e-flex e-con e-child\" data-id=\"45a13a7\" data-element_type=\"container\" data-e-type=\"container\" data-settings=\"{&quot;jet_parallax_layout_list&quot;:[]}\">\n\t\t<div class=\"elementor-element elementor-element-3a1a331 e-con-full e-flex e-con e-child\" data-id=\"3a1a331\" data-element_type=\"container\" data-e-type=\"container\" data-settings=\"{&quot;jet_parallax_layout_list&quot;:[]}\">\n\t\t<div class=\"elementor-element elementor-element-142828c e-con-full e-flex e-con e-child\" data-id=\"142828c\" data-element_type=\"container\" data-e-type=\"container\" data-settings=\"{&quot;jet_parallax_layout_list&quot;:[]}\">\n\t\t\t\t<div class=\"elementor-element elementor-element-ff0e4ef elementor-widget__width-auto elementor-invisible elementor-widget elementor-widget-text-editor\" data-id=\"ff0e4ef\" data-element_type=\"widget\" data-e-type=\"widget\" data-settings=\"{&quot;_animation&quot;:&quot;fadeInUp&quot;}\" data-widget_type=\"text-editor.default\">\n\t\t\t\t\t\t\t\t\tStock\t\t\t\t\t\t\t\t<\/div>\n\t\t\t\t<\/div>\n\t\t\t\t<div class=\"elementor-element elementor-element-842794e elementor-invisible elementor-widget elementor-widget-woocommerce-product-title elementor-page-title elementor-widget-heading\" data-id=\"842794e\" data-element_type=\"widget\" data-e-type=\"widget\" data-settings=\"{&quot;_animation&quot;:&quot;fadeInUp&quot;}\" data-widget_type=\"woocommerce-product-title.default\">\n\t\t\t\t\t<h3 class=\"product_title entry-title elementor-heading-title elementor-size-default\"><a href=\"https:\/\/martinamaletti.com\/en\/product\/falda-flora-dorada-2\/\">Falda Flora Dorada<\/a><\/h3>\t\t\t\t<\/div>\n\t\t\t\t<div class=\"elementor-element elementor-element-d55c097 elementor-invisible elementor-widget elementor-widget-woocommerce-product-price\" data-id=\"d55c097\" data-element_type=\"widget\" data-e-type=\"widget\" data-settings=\"{&quot;_animation&quot;:&quot;fadeInUp&quot;}\" data-widget_type=\"woocommerce-product-price.default\">\n\t\t\t\t\t<p class=\"price\"><span class=\"woocommerce-Price-amount amount\"><bdi>180,00&nbsp;<span class=\"woocommerce-Price-currencySymbol\" translate=\"no\">&euro;<\/span><\/bdi><\/span> <small class=\"woocommerce-price-suffix\">IVA incluido<\/small><\/p>\n\t\t\t\t<\/div>\n\t\t\t\t<\/div>\n\t\t\t\t<\/div>\n\t\t\t\t\t<\/div>\n\t\t\t\t<\/div>\n\t\t\t\t<\/div>\n\t\t\t\t<div data-elementor-type=\"loop-item\" data-elementor-id=\"4747\" class=\"elementor elementor-4747 e-loop-item e-loop-item-7480 post-7480 product type-product status-publish has-post-thumbnail product_cat-balck-friday product_cat-faldas product_cat-ropa  instock taxable shipping-taxable purchasable product-type-variable\" data-elementor-post-type=\"elementor_library\" data-custom-edit-handle=\"1\">\n\t\t\t<div class=\"elementor-element elementor-element-91345f2 e-flex e-con-boxed e-con e-parent\" data-id=\"91345f2\" data-element_type=\"container\" data-e-type=\"container\" data-settings=\"{&quot;jet_parallax_layout_list&quot;:[]}\">\n\t\t\t\t\t<div class=\"e-con-inner\">\n\t\t\t\t<div class=\"elementor-element elementor-element-0e3180f elementor-invisible elementor-widget elementor-widget-theme-post-featured-image elementor-widget-image\" data-id=\"0e3180f\" data-element_type=\"widget\" data-e-type=\"widget\" data-settings=\"{&quot;_animation&quot;:&quot;fadeInUp&quot;}\" data-widget_type=\"theme-post-featured-image.default\">\n\t\t\t\t\t\t\t\t\t\t\t\t\t\t\t\t<a href=\"https:\/\/martinamaletti.com\/en\/product\/falda-flavia-marron\/\">\n\t\t\t\t\t\t\t<img loading=\"lazy\" decoding=\"async\" width=\"683\" height=\"1024\" src=\"https:\/\/martinamaletti.com\/wp-content\/uploads\/2025\/10\/2025_09_11-Martina-Maletti-FOCO0359-683x1024.jpg\" class=\"attachment-large size-large wp-image-7256\" alt=\"\" srcset=\"https:\/\/martinamaletti.com\/wp-content\/uploads\/2025\/10\/2025_09_11-Martina-Maletti-FOCO0359-683x1024.jpg 683w, https:\/\/martinamaletti.com\/wp-content\/uploads\/2025\/10\/2025_09_11-Martina-Maletti-FOCO0359-200x300.jpg 200w, https:\/\/martinamaletti.com\/wp-content\/uploads\/2025\/10\/2025_09_11-Martina-Maletti-FOCO0359-768x1152.jpg 768w, https:\/\/martinamaletti.com\/wp-content\/uploads\/2025\/10\/2025_09_11-Martina-Maletti-FOCO0359-1024x1536.jpg 1024w, https:\/\/martinamaletti.com\/wp-content\/uploads\/2025\/10\/2025_09_11-Martina-Maletti-FOCO0359-1365x2048.jpg 1365w, https:\/\/martinamaletti.com\/wp-content\/uploads\/2025\/10\/2025_09_11-Martina-Maletti-FOCO0359-600x900.jpg 600w, https:\/\/martinamaletti.com\/wp-content\/uploads\/2025\/10\/2025_09_11-Martina-Maletti-FOCO0359-scaled.jpg 1707w\" sizes=\"(max-width: 683px) 100vw, 683px\" \/>\t\t\t\t\t\t\t\t<\/a>\n\t\t\t\t\t\t\t\t\t\t\t\t\t\t\t<\/div>\n\t\t<div class=\"elementor-element elementor-element-45a13a7 e-con-full e-flex e-con e-child\" data-id=\"45a13a7\" data-element_type=\"container\" data-e-type=\"container\" data-settings=\"{&quot;jet_parallax_layout_list&quot;:[]}\">\n\t\t<div class=\"elementor-element elementor-element-3a1a331 e-con-full e-flex e-con e-child\" data-id=\"3a1a331\" data-element_type=\"container\" data-e-type=\"container\" data-settings=\"{&quot;jet_parallax_layout_list&quot;:[]}\">\n\t\t<div class=\"elementor-element elementor-element-142828c e-con-full e-flex e-con e-child\" data-id=\"142828c\" data-element_type=\"container\" data-e-type=\"container\" data-settings=\"{&quot;jet_parallax_layout_list&quot;:[]}\">\n\t\t\t\t<div class=\"elementor-element elementor-element-ff0e4ef elementor-widget__width-auto elementor-invisible elementor-widget elementor-widget-text-editor\" data-id=\"ff0e4ef\" data-element_type=\"widget\" data-e-type=\"widget\" data-settings=\"{&quot;_animation&quot;:&quot;fadeInUp&quot;}\" data-widget_type=\"text-editor.default\">\n\t\t\t\t\t\t\t\t\tStock\t\t\t\t\t\t\t\t<\/div>\n\t\t\t\t<\/div>\n\t\t\t\t<div class=\"elementor-element elementor-element-842794e elementor-invisible elementor-widget elementor-widget-woocommerce-product-title elementor-page-title elementor-widget-heading\" data-id=\"842794e\" data-element_type=\"widget\" data-e-type=\"widget\" data-settings=\"{&quot;_animation&quot;:&quot;fadeInUp&quot;}\" data-widget_type=\"woocommerce-product-title.default\">\n\t\t\t\t\t<h3 class=\"product_title entry-title elementor-heading-title elementor-size-default\"><a href=\"https:\/\/martinamaletti.com\/en\/product\/falda-flavia-marron\/\">Falda Flavia Marr\u00f3n<\/a><\/h3>\t\t\t\t<\/div>\n\t\t\t\t<div class=\"elementor-element elementor-element-d55c097 elementor-invisible elementor-widget elementor-widget-woocommerce-product-price\" data-id=\"d55c097\" data-element_type=\"widget\" data-e-type=\"widget\" data-settings=\"{&quot;_animation&quot;:&quot;fadeInUp&quot;}\" data-widget_type=\"woocommerce-product-price.default\">\n\t\t\t\t\t<p class=\"price\"><span class=\"woocommerce-Price-amount amount\"><bdi>180,00&nbsp;<span class=\"woocommerce-Price-currencySymbol\" translate=\"no\">&euro;<\/span><\/bdi><\/span> <small class=\"woocommerce-price-suffix\">IVA incluido<\/small><\/p>\n\t\t\t\t<\/div>\n\t\t\t\t<\/div>\n\t\t\t\t<div class=\"elementor-element elementor-element-fc92101 elementor-widget elementor-widget-woocommerce-product-stock\" data-id=\"fc92101\" data-element_type=\"widget\" data-e-type=\"widget\" data-widget_type=\"woocommerce-product-stock.default\">\n\t\t\t\t\t<p class=\"stock in-stock\">In stock<\/p>\n\t\t\t\t<\/div>\n\t\t\t\t<\/div>\n\t\t\t\t\t<\/div>\n\t\t\t\t<\/div>\n\t\t\t\t<\/div>\n\t\t\t\t<div data-elementor-type=\"loop-item\" data-elementor-id=\"4747\" class=\"elementor elementor-4747 e-loop-item e-loop-item-8077 post-8077 product type-product status-publish has-post-thumbnail product_cat-faldas product_cat-ropa  instock taxable shipping-taxable purchasable product-type-variable\" data-elementor-post-type=\"elementor_library\" data-custom-edit-handle=\"1\">\n\t\t\t<div class=\"elementor-element elementor-element-91345f2 e-flex e-con-boxed e-con e-parent\" data-id=\"91345f2\" data-element_type=\"container\" data-e-type=\"container\" data-settings=\"{&quot;jet_parallax_layout_list&quot;:[]}\">\n\t\t\t\t\t<div class=\"e-con-inner\">\n\t\t\t\t<div class=\"elementor-element elementor-element-0e3180f elementor-invisible elementor-widget elementor-widget-theme-post-featured-image elementor-widget-image\" data-id=\"0e3180f\" data-element_type=\"widget\" data-e-type=\"widget\" data-settings=\"{&quot;_animation&quot;:&quot;fadeInUp&quot;}\" data-widget_type=\"theme-post-featured-image.default\">\n\t\t\t\t\t\t\t\t\t\t\t\t\t\t\t\t<a href=\"https:\/\/martinamaletti.com\/en\/product\/falda-flavia-saten-verde-gris\/\">\n\t\t\t\t\t\t\t<img loading=\"lazy\" decoding=\"async\" width=\"768\" height=\"1024\" src=\"https:\/\/martinamaletti.com\/wp-content\/uploads\/2026\/04\/martinamaletti_img349-768x1024.webp\" class=\"attachment-large size-large wp-image-8347\" alt=\"Imagen falda flavia sat\u00e9n verde y top frida verde de martina maletti\" srcset=\"https:\/\/martinamaletti.com\/wp-content\/uploads\/2026\/04\/martinamaletti_img349-768x1024.webp 768w, https:\/\/martinamaletti.com\/wp-content\/uploads\/2026\/04\/martinamaletti_img349-225x300.webp 225w, https:\/\/martinamaletti.com\/wp-content\/uploads\/2026\/04\/martinamaletti_img349-9x12.webp 9w, https:\/\/martinamaletti.com\/wp-content\/uploads\/2026\/04\/martinamaletti_img349-600x800.webp 600w, https:\/\/martinamaletti.com\/wp-content\/uploads\/2026\/04\/martinamaletti_img349.webp 1080w\" sizes=\"(max-width: 768px) 100vw, 768px\" \/>\t\t\t\t\t\t\t\t<\/a>\n\t\t\t\t\t\t\t\t\t\t\t\t\t\t\t<\/div>\n\t\t<div class=\"elementor-element elementor-element-45a13a7 e-con-full e-flex e-con e-child\" data-id=\"45a13a7\" data-element_type=\"container\" data-e-type=\"container\" data-settings=\"{&quot;jet_parallax_layout_list&quot;:[]}\">\n\t\t<div class=\"elementor-element elementor-element-3a1a331 e-con-full e-flex e-con e-child\" data-id=\"3a1a331\" data-element_type=\"container\" data-e-type=\"container\" data-settings=\"{&quot;jet_parallax_layout_list&quot;:[]}\">\n\t\t<div class=\"elementor-element elementor-element-142828c e-con-full e-flex e-con e-child\" data-id=\"142828c\" data-element_type=\"container\" data-e-type=\"container\" data-settings=\"{&quot;jet_parallax_layout_list&quot;:[]}\">\n\t\t\t\t<div class=\"elementor-element elementor-element-ff0e4ef elementor-widget__width-auto elementor-invisible elementor-widget elementor-widget-text-editor\" data-id=\"ff0e4ef\" data-element_type=\"widget\" data-e-type=\"widget\" data-settings=\"{&quot;_animation&quot;:&quot;fadeInUp&quot;}\" data-widget_type=\"text-editor.default\">\n\t\t\t\t\t\t\t\t\tStock\t\t\t\t\t\t\t\t<\/div>\n\t\t\t\t<\/div>\n\t\t\t\t<div class=\"elementor-element elementor-element-842794e elementor-invisible elementor-widget elementor-widget-woocommerce-product-title elementor-page-title elementor-widget-heading\" data-id=\"842794e\" data-element_type=\"widget\" data-e-type=\"widget\" data-settings=\"{&quot;_animation&quot;:&quot;fadeInUp&quot;}\" data-widget_type=\"woocommerce-product-title.default\">\n\t\t\t\t\t<h3 class=\"product_title entry-title elementor-heading-title elementor-size-default\"><a href=\"https:\/\/martinamaletti.com\/en\/product\/falda-flavia-saten-verde-gris\/\">Falda Flavia Sat\u00e9n Verde\/Gris<\/a><\/h3>\t\t\t\t<\/div>\n\t\t\t\t<div class=\"elementor-element elementor-element-d55c097 elementor-invisible elementor-widget elementor-widget-woocommerce-product-price\" data-id=\"d55c097\" data-element_type=\"widget\" data-e-type=\"widget\" data-settings=\"{&quot;_animation&quot;:&quot;fadeInUp&quot;}\" data-widget_type=\"woocommerce-product-price.default\">\n\t\t\t\t\t<p class=\"price\"><span class=\"woocommerce-Price-amount amount\"><bdi>190,00&nbsp;<span class=\"woocommerce-Price-currencySymbol\" translate=\"no\">&euro;<\/span><\/bdi><\/span> <small class=\"woocommerce-price-suffix\">IVA incluido<\/small><\/p>\n\t\t\t\t<\/div>\n\t\t\t\t<\/div>\n\t\t\t\t<\/div>\n\t\t\t\t\t<\/div>\n\t\t\t\t<\/div>\n\t\t\t\t<\/div>\n\t\t\t\t<div data-elementor-type=\"loop-item\" data-elementor-id=\"4747\" class=\"elementor elementor-4747 e-loop-item e-loop-item-8088 post-8088 product type-product status-publish has-post-thumbnail product_cat-faldas product_cat-ropa last instock taxable shipping-taxable purchasable product-type-variable\" data-elementor-post-type=\"elementor_library\" data-custom-edit-handle=\"1\">\n\t\t\t<div class=\"elementor-element elementor-element-91345f2 e-flex e-con-boxed e-con e-parent\" data-id=\"91345f2\" data-element_type=\"container\" data-e-type=\"container\" data-settings=\"{&quot;jet_parallax_layout_list&quot;:[]}\">\n\t\t\t\t\t<div class=\"e-con-inner\">\n\t\t\t\t<div class=\"elementor-element elementor-element-0e3180f elementor-invisible elementor-widget elementor-widget-theme-post-featured-image elementor-widget-image\" data-id=\"0e3180f\" data-element_type=\"widget\" data-e-type=\"widget\" data-settings=\"{&quot;_animation&quot;:&quot;fadeInUp&quot;}\" data-widget_type=\"theme-post-featured-image.default\">\n\t\t\t\t\t\t\t\t\t\t\t\t\t\t\t\t<a href=\"https:\/\/martinamaletti.com\/en\/product\/falda-flavia-saten-granate\/\">\n\t\t\t\t\t\t\t<img loading=\"lazy\" decoding=\"async\" width=\"768\" height=\"1024\" src=\"https:\/\/martinamaletti.com\/wp-content\/uploads\/2026\/04\/martinamaletti_img345-768x1024.webp\" class=\"attachment-large size-large wp-image-8341\" alt=\"imagen de la falda flavia granate y top frida granate de martina maletti\" srcset=\"https:\/\/martinamaletti.com\/wp-content\/uploads\/2026\/04\/martinamaletti_img345-768x1024.webp 768w, https:\/\/martinamaletti.com\/wp-content\/uploads\/2026\/04\/martinamaletti_img345-225x300.webp 225w, https:\/\/martinamaletti.com\/wp-content\/uploads\/2026\/04\/martinamaletti_img345-9x12.webp 9w, https:\/\/martinamaletti.com\/wp-content\/uploads\/2026\/04\/martinamaletti_img345-600x800.webp 600w, https:\/\/martinamaletti.com\/wp-content\/uploads\/2026\/04\/martinamaletti_img345.webp 1080w\" sizes=\"(max-width: 768px) 100vw, 768px\" \/>\t\t\t\t\t\t\t\t<\/a>\n\t\t\t\t\t\t\t\t\t\t\t\t\t\t\t<\/div>\n\t\t<div class=\"elementor-element elementor-element-45a13a7 e-con-full e-flex e-con e-child\" data-id=\"45a13a7\" data-element_type=\"container\" data-e-type=\"container\" data-settings=\"{&quot;jet_parallax_layout_list&quot;:[]}\">\n\t\t<div class=\"elementor-element elementor-element-3a1a331 e-con-full e-flex e-con e-child\" data-id=\"3a1a331\" data-element_type=\"container\" data-e-type=\"container\" data-settings=\"{&quot;jet_parallax_layout_list&quot;:[]}\">\n\t\t<div class=\"elementor-element elementor-element-142828c e-con-full e-flex e-con e-child\" data-id=\"142828c\" data-element_type=\"container\" data-e-type=\"container\" data-settings=\"{&quot;jet_parallax_layout_list&quot;:[]}\">\n\t\t\t\t<div class=\"elementor-element elementor-element-ff0e4ef elementor-widget__width-auto elementor-invisible elementor-widget elementor-widget-text-editor\" data-id=\"ff0e4ef\" data-element_type=\"widget\" data-e-type=\"widget\" data-settings=\"{&quot;_animation&quot;:&quot;fadeInUp&quot;}\" data-widget_type=\"text-editor.default\">\n\t\t\t\t\t\t\t\t\tStock\t\t\t\t\t\t\t\t<\/div>\n\t\t\t\t<\/div>\n\t\t\t\t<div class=\"elementor-element elementor-element-842794e elementor-invisible elementor-widget elementor-widget-woocommerce-product-title elementor-page-title elementor-widget-heading\" data-id=\"842794e\" data-element_type=\"widget\" data-e-type=\"widget\" data-settings=\"{&quot;_animation&quot;:&quot;fadeInUp&quot;}\" data-widget_type=\"woocommerce-product-title.default\">\n\t\t\t\t\t<h3 class=\"product_title entry-title elementor-heading-title elementor-size-default\"><a href=\"https:\/\/martinamaletti.com\/en\/product\/falda-flavia-saten-granate\/\">Falda Flavia Sat\u00e9n Granate<\/a><\/h3>\t\t\t\t<\/div>\n\t\t\t\t<div class=\"elementor-element elementor-element-d55c097 elementor-invisible elementor-widget elementor-widget-woocommerce-product-price\" data-id=\"d55c097\" data-element_type=\"widget\" data-e-type=\"widget\" data-settings=\"{&quot;_animation&quot;:&quot;fadeInUp&quot;}\" data-widget_type=\"woocommerce-product-price.default\">\n\t\t\t\t\t<p class=\"price\"><span class=\"woocommerce-Price-amount amount\"><bdi>190,00&nbsp;<span class=\"woocommerce-Price-currencySymbol\" translate=\"no\">&euro;<\/span><\/bdi><\/span> <small class=\"woocommerce-price-suffix\">IVA incluido<\/small><\/p>\n\t\t\t\t<\/div>\n\t\t\t\t<\/div>\n\t\t\t\t<\/div>\n\t\t\t\t\t<\/div>\n\t\t\t\t<\/div>\n\t\t\t\t<\/div>\n\t\t\t\t<div data-elementor-type=\"loop-item\" data-elementor-id=\"4747\" class=\"elementor elementor-4747 e-loop-item e-loop-item-8689 post-8689 product type-product status-publish has-post-thumbnail product_cat-faldas product_cat-ropa first instock taxable shipping-taxable purchasable product-type-variable\" data-elementor-post-type=\"elementor_library\" data-custom-edit-handle=\"1\">\n\t\t\t<div class=\"elementor-element elementor-element-91345f2 e-flex e-con-boxed e-con e-parent\" data-id=\"91345f2\" data-element_type=\"container\" data-e-type=\"container\" data-settings=\"{&quot;jet_parallax_layout_list&quot;:[]}\">\n\t\t\t\t\t<div class=\"e-con-inner\">\n\t\t\t\t<div class=\"elementor-element elementor-element-0e3180f elementor-invisible elementor-widget elementor-widget-theme-post-featured-image elementor-widget-image\" data-id=\"0e3180f\" data-element_type=\"widget\" data-e-type=\"widget\" data-settings=\"{&quot;_animation&quot;:&quot;fadeInUp&quot;}\" data-widget_type=\"theme-post-featured-image.default\">\n\t\t\t\t\t\t\t\t\t\t\t\t\t\t\t\t<a href=\"https:\/\/martinamaletti.com\/en\/product\/falda-flora-granate\/\">\n\t\t\t\t\t\t\t<img loading=\"lazy\" decoding=\"async\" width=\"768\" height=\"1024\" src=\"https:\/\/martinamaletti.com\/wp-content\/uploads\/2026\/05\/martinamaletti_img373-768x1024.webp\" class=\"attachment-large size-large wp-image-8683\" alt=\"imagen de la falda flora granate de martina maletti\" srcset=\"https:\/\/martinamaletti.com\/wp-content\/uploads\/2026\/05\/martinamaletti_img373-768x1024.webp 768w, https:\/\/martinamaletti.com\/wp-content\/uploads\/2026\/05\/martinamaletti_img373-225x300.webp 225w, https:\/\/martinamaletti.com\/wp-content\/uploads\/2026\/05\/martinamaletti_img373-9x12.webp 9w, https:\/\/martinamaletti.com\/wp-content\/uploads\/2026\/05\/martinamaletti_img373-600x800.webp 600w, https:\/\/martinamaletti.com\/wp-content\/uploads\/2026\/05\/martinamaletti_img373.webp 1080w\" sizes=\"(max-width: 768px) 100vw, 768px\" \/>\t\t\t\t\t\t\t\t<\/a>\n\t\t\t\t\t\t\t\t\t\t\t\t\t\t\t<\/div>\n\t\t<div class=\"elementor-element elementor-element-45a13a7 e-con-full e-flex e-con e-child\" data-id=\"45a13a7\" data-element_type=\"container\" data-e-type=\"container\" data-settings=\"{&quot;jet_parallax_layout_list&quot;:[]}\">\n\t\t<div class=\"elementor-element elementor-element-3a1a331 e-con-full e-flex e-con e-child\" data-id=\"3a1a331\" data-element_type=\"container\" data-e-type=\"container\" data-settings=\"{&quot;jet_parallax_layout_list&quot;:[]}\">\n\t\t<div class=\"elementor-element elementor-element-142828c e-con-full e-flex e-con e-child\" data-id=\"142828c\" data-element_type=\"container\" data-e-type=\"container\" data-settings=\"{&quot;jet_parallax_layout_list&quot;:[]}\">\n\t\t\t\t<div class=\"elementor-element elementor-element-ff0e4ef elementor-widget__width-auto elementor-invisible elementor-widget elementor-widget-text-editor\" data-id=\"ff0e4ef\" data-element_type=\"widget\" data-e-type=\"widget\" data-settings=\"{&quot;_animation&quot;:&quot;fadeInUp&quot;}\" data-widget_type=\"text-editor.default\">\n\t\t\t\t\t\t\t\t\tStock\t\t\t\t\t\t\t\t<\/div>\n\t\t\t\t<\/div>\n\t\t\t\t<div class=\"elementor-element elementor-element-842794e elementor-invisible elementor-widget elementor-widget-woocommerce-product-title elementor-page-title elementor-widget-heading\" data-id=\"842794e\" data-element_type=\"widget\" data-e-type=\"widget\" data-settings=\"{&quot;_animation&quot;:&quot;fadeInUp&quot;}\" data-widget_type=\"woocommerce-product-title.default\">\n\t\t\t\t\t<h3 class=\"product_title entry-title elementor-heading-title elementor-size-default\"><a href=\"https:\/\/martinamaletti.com\/en\/product\/falda-flora-granate\/\">Falda Flora Granate<\/a><\/h3>\t\t\t\t<\/div>\n\t\t\t\t<div class=\"elementor-element elementor-element-d55c097 elementor-invisible elementor-widget elementor-widget-woocommerce-product-price\" data-id=\"d55c097\" data-element_type=\"widget\" data-e-type=\"widget\" data-settings=\"{&quot;_animation&quot;:&quot;fadeInUp&quot;}\" data-widget_type=\"woocommerce-product-price.default\">\n\t\t\t\t\t<p class=\"price\"><span class=\"woocommerce-Price-amount amount\"><bdi>200,00&nbsp;<span class=\"woocommerce-Price-currencySymbol\" translate=\"no\">&euro;<\/span><\/bdi><\/span> <small class=\"woocommerce-price-suffix\">IVA incluido<\/small><\/p>\n\t\t\t\t<\/div>\n\t\t\t\t<\/div>\n\t\t\t\t<\/div>\n\t\t\t\t\t<\/div>\n\t\t\t\t<\/div>\n\t\t\t\t<\/div>\n\t\t\t\t<div data-elementor-type=\"loop-item\" data-elementor-id=\"4747\" class=\"elementor elementor-4747 e-loop-item e-loop-item-8703 post-8703 product type-product status-publish has-post-thumbnail product_cat-faldas product_cat-ropa  instock taxable shipping-taxable purchasable product-type-variable\" data-elementor-post-type=\"elementor_library\" data-custom-edit-handle=\"1\">\n\t\t\t<div class=\"elementor-element elementor-element-91345f2 e-flex e-con-boxed e-con e-parent\" data-id=\"91345f2\" data-element_type=\"container\" data-e-type=\"container\" data-settings=\"{&quot;jet_parallax_layout_list&quot;:[]}\">\n\t\t\t\t\t<div class=\"e-con-inner\">\n\t\t\t\t<div class=\"elementor-element elementor-element-0e3180f elementor-invisible elementor-widget elementor-widget-theme-post-featured-image elementor-widget-image\" data-id=\"0e3180f\" data-element_type=\"widget\" data-e-type=\"widget\" data-settings=\"{&quot;_animation&quot;:&quot;fadeInUp&quot;}\" data-widget_type=\"theme-post-featured-image.default\">\n\t\t\t\t\t\t\t\t\t\t\t\t\t\t\t\t<a href=\"https:\/\/martinamaletti.com\/en\/product\/falda-flora-marron-2\/\">\n\t\t\t\t\t\t\t<img loading=\"lazy\" decoding=\"async\" width=\"768\" height=\"1024\" src=\"https:\/\/martinamaletti.com\/wp-content\/uploads\/2026\/05\/martinamaletti_img379-768x1024.webp\" class=\"attachment-large size-large wp-image-8699\" alt=\"IMAGEN DE LA FLADA FLORA Y EL ROP PIA MARRON DE MARTINA MALETTI\" srcset=\"https:\/\/martinamaletti.com\/wp-content\/uploads\/2026\/05\/martinamaletti_img379-768x1024.webp 768w, https:\/\/martinamaletti.com\/wp-content\/uploads\/2026\/05\/martinamaletti_img379-225x300.webp 225w, https:\/\/martinamaletti.com\/wp-content\/uploads\/2026\/05\/martinamaletti_img379-9x12.webp 9w, https:\/\/martinamaletti.com\/wp-content\/uploads\/2026\/05\/martinamaletti_img379-600x800.webp 600w, https:\/\/martinamaletti.com\/wp-content\/uploads\/2026\/05\/martinamaletti_img379.webp 1080w\" sizes=\"(max-width: 768px) 100vw, 768px\" \/>\t\t\t\t\t\t\t\t<\/a>\n\t\t\t\t\t\t\t\t\t\t\t\t\t\t\t<\/div>\n\t\t<div class=\"elementor-element elementor-element-45a13a7 e-con-full e-flex e-con e-child\" data-id=\"45a13a7\" data-element_type=\"container\" data-e-type=\"container\" data-settings=\"{&quot;jet_parallax_layout_list&quot;:[]}\">\n\t\t<div class=\"elementor-element elementor-element-3a1a331 e-con-full e-flex e-con e-child\" data-id=\"3a1a331\" data-element_type=\"container\" data-e-type=\"container\" data-settings=\"{&quot;jet_parallax_layout_list&quot;:[]}\">\n\t\t<div class=\"elementor-element elementor-element-142828c e-con-full e-flex e-con e-child\" data-id=\"142828c\" data-element_type=\"container\" data-e-type=\"container\" data-settings=\"{&quot;jet_parallax_layout_list&quot;:[]}\">\n\t\t\t\t<div class=\"elementor-element elementor-element-ff0e4ef elementor-widget__width-auto elementor-invisible elementor-widget elementor-widget-text-editor\" data-id=\"ff0e4ef\" data-element_type=\"widget\" data-e-type=\"widget\" data-settings=\"{&quot;_animation&quot;:&quot;fadeInUp&quot;}\" data-widget_type=\"text-editor.default\">\n\t\t\t\t\t\t\t\t\tStock\t\t\t\t\t\t\t\t<\/div>\n\t\t\t\t<\/div>\n\t\t\t\t<div class=\"elementor-element elementor-element-842794e elementor-invisible elementor-widget elementor-widget-woocommerce-product-title elementor-page-title elementor-widget-heading\" data-id=\"842794e\" data-element_type=\"widget\" data-e-type=\"widget\" data-settings=\"{&quot;_animation&quot;:&quot;fadeInUp&quot;}\" data-widget_type=\"woocommerce-product-title.default\">\n\t\t\t\t\t<h3 class=\"product_title entry-title elementor-heading-title elementor-size-default\"><a href=\"https:\/\/martinamaletti.com\/en\/product\/falda-flora-marron-2\/\">Falda Flora Marr\u00f3n Gris\u00e1ceo<\/a><\/h3>\t\t\t\t<\/div>\n\t\t\t\t<div class=\"elementor-element elementor-element-d55c097 elementor-invisible elementor-widget elementor-widget-woocommerce-product-price\" data-id=\"d55c097\" data-element_type=\"widget\" data-e-type=\"widget\" data-settings=\"{&quot;_animation&quot;:&quot;fadeInUp&quot;}\" data-widget_type=\"woocommerce-product-price.default\">\n\t\t\t\t\t<p class=\"price\"><span class=\"woocommerce-Price-amount amount\"><bdi>200,00&nbsp;<span class=\"woocommerce-Price-currencySymbol\" translate=\"no\">&euro;<\/span><\/bdi><\/span> <small class=\"woocommerce-price-suffix\">IVA incluido<\/small><\/p>\n\t\t\t\t<\/div>\n\t\t\t\t<\/div>\n\t\t\t\t<\/div>\n\t\t\t\t\t<\/div>\n\t\t\t\t<\/div>\n\t\t\t\t<\/div>\n\t\t\t\t<div data-elementor-type=\"loop-item\" data-elementor-id=\"4747\" class=\"elementor elementor-4747 e-loop-item e-loop-item-8911 post-8911 product type-product status-publish has-post-thumbnail product_cat-faldas product_cat-ropa  instock taxable shipping-taxable purchasable product-type-variable\" data-elementor-post-type=\"elementor_library\" data-custom-edit-handle=\"1\">\n\t\t\t<div class=\"elementor-element elementor-element-91345f2 e-flex e-con-boxed e-con e-parent\" data-id=\"91345f2\" data-element_type=\"container\" data-e-type=\"container\" data-settings=\"{&quot;jet_parallax_layout_list&quot;:[]}\">\n\t\t\t\t\t<div class=\"e-con-inner\">\n\t\t\t\t<div class=\"elementor-element elementor-element-0e3180f elementor-invisible elementor-widget elementor-widget-theme-post-featured-image elementor-widget-image\" data-id=\"0e3180f\" data-element_type=\"widget\" data-e-type=\"widget\" data-settings=\"{&quot;_animation&quot;:&quot;fadeInUp&quot;}\" data-widget_type=\"theme-post-featured-image.default\">\n\t\t\t\t\t\t\t\t\t\t\t\t\t\t\t\t<a href=\"https:\/\/martinamaletti.com\/en\/product\/falda-valentina-verde\/\">\n\t\t\t\t\t\t\t<img loading=\"lazy\" decoding=\"async\" width=\"769\" height=\"1024\" src=\"https:\/\/martinamaletti.com\/wp-content\/uploads\/2026\/06\/martinamaletti_img401-769x1024.webp\" class=\"attachment-large size-large wp-image-8908\" alt=\"\" srcset=\"https:\/\/martinamaletti.com\/wp-content\/uploads\/2026\/06\/martinamaletti_img401-769x1024.webp 769w, https:\/\/martinamaletti.com\/wp-content\/uploads\/2026\/06\/martinamaletti_img401-225x300.webp 225w, https:\/\/martinamaletti.com\/wp-content\/uploads\/2026\/06\/martinamaletti_img401-768x1023.webp 768w, https:\/\/martinamaletti.com\/wp-content\/uploads\/2026\/06\/martinamaletti_img401-9x12.webp 9w, https:\/\/martinamaletti.com\/wp-content\/uploads\/2026\/06\/martinamaletti_img401-600x799.webp 600w, https:\/\/martinamaletti.com\/wp-content\/uploads\/2026\/06\/martinamaletti_img401.webp 1081w\" sizes=\"(max-width: 769px) 100vw, 769px\" \/>\t\t\t\t\t\t\t\t<\/a>\n\t\t\t\t\t\t\t\t\t\t\t\t\t\t\t<\/div>\n\t\t<div class=\"elementor-element elementor-element-45a13a7 e-con-full e-flex e-con e-child\" data-id=\"45a13a7\" data-element_type=\"container\" data-e-type=\"container\" data-settings=\"{&quot;jet_parallax_layout_list&quot;:[]}\">\n\t\t<div class=\"elementor-element elementor-element-3a1a331 e-con-full e-flex e-con e-child\" data-id=\"3a1a331\" data-element_type=\"container\" data-e-type=\"container\" data-settings=\"{&quot;jet_parallax_layout_list&quot;:[]}\">\n\t\t<div class=\"elementor-element elementor-element-142828c e-con-full e-flex e-con e-child\" data-id=\"142828c\" data-element_type=\"container\" data-e-type=\"container\" data-settings=\"{&quot;jet_parallax_layout_list&quot;:[]}\">\n\t\t\t\t<div class=\"elementor-element elementor-element-ff0e4ef elementor-widget__width-auto elementor-invisible elementor-widget elementor-widget-text-editor\" data-id=\"ff0e4ef\" data-element_type=\"widget\" data-e-type=\"widget\" data-settings=\"{&quot;_animation&quot;:&quot;fadeInUp&quot;}\" data-widget_type=\"text-editor.default\">\n\t\t\t\t\t\t\t\t\tPreorder\t\t\t\t\t\t\t\t<\/div>\n\t\t\t\t<\/div>\n\t\t\t\t<div class=\"elementor-element elementor-element-842794e elementor-invisible elementor-widget elementor-widget-woocommerce-product-title elementor-page-title elementor-widget-heading\" data-id=\"842794e\" data-element_type=\"widget\" data-e-type=\"widget\" data-settings=\"{&quot;_animation&quot;:&quot;fadeInUp&quot;}\" data-widget_type=\"woocommerce-product-title.default\">\n\t\t\t\t\t<h3 class=\"product_title entry-title elementor-heading-title elementor-size-default\"><a href=\"https:\/\/martinamaletti.com\/en\/product\/falda-valentina-verde\/\">Falda Valentina Verde<\/a><\/h3>\t\t\t\t<\/div>\n\t\t\t\t<div class=\"elementor-element elementor-element-d55c097 elementor-invisible elementor-widget elementor-widget-woocommerce-product-price\" data-id=\"d55c097\" data-element_type=\"widget\" data-e-type=\"widget\" data-settings=\"{&quot;_animation&quot;:&quot;fadeInUp&quot;}\" data-widget_type=\"woocommerce-product-price.default\">\n\t\t\t\t\t<p class=\"price\"><span class=\"woocommerce-Price-amount amount\"><bdi>210,00&nbsp;<span class=\"woocommerce-Price-currencySymbol\" translate=\"no\">&euro;<\/span><\/bdi><\/span> <small class=\"woocommerce-price-suffix\">IVA incluido<\/small><\/p>\n\t\t\t\t<\/div>\n\t\t\t\t<\/div>\n\t\t\t\t<\/div>\n\t\t\t\t\t<\/div>\n\t\t\t\t<\/div>\n\t\t\t\t<\/div>\n\t\t\t\t<div data-elementor-type=\"loop-item\" data-elementor-id=\"4747\" class=\"elementor elementor-4747 e-loop-item e-loop-item-4802 post-4802 product type-product status-publish has-post-thumbnail product_cat-archivo product_cat-faldas product_cat-ropa last instock taxable shipping-taxable purchasable product-type-variable\" data-elementor-post-type=\"elementor_library\" data-custom-edit-handle=\"1\">\n\t\t\t<div class=\"elementor-element elementor-element-91345f2 e-flex e-con-boxed e-con e-parent\" data-id=\"91345f2\" data-element_type=\"container\" data-e-type=\"container\" data-settings=\"{&quot;jet_parallax_layout_list&quot;:[]}\">\n\t\t\t\t\t<div class=\"e-con-inner\">\n\t\t\t\t<div class=\"elementor-element elementor-element-0e3180f elementor-invisible elementor-widget elementor-widget-theme-post-featured-image elementor-widget-image\" data-id=\"0e3180f\" data-element_type=\"widget\" data-e-type=\"widget\" data-settings=\"{&quot;_animation&quot;:&quot;fadeInUp&quot;}\" data-widget_type=\"theme-post-featured-image.default\">\n\t\t\t\t\t\t\t\t\t\t\t\t\t\t\t\t<a href=\"https:\/\/martinamaletti.com\/en\/product\/falda-flora-marron\/\">\n\t\t\t\t\t\t\t<img loading=\"lazy\" decoding=\"async\" width=\"768\" height=\"1024\" src=\"https:\/\/martinamaletti.com\/wp-content\/uploads\/2024\/11\/martinamaletti-img125-768x1024.webp\" class=\"attachment-large size-large wp-image-4811\" alt=\"\" srcset=\"https:\/\/martinamaletti.com\/wp-content\/uploads\/2024\/11\/martinamaletti-img125-768x1024.webp 768w, https:\/\/martinamaletti.com\/wp-content\/uploads\/2024\/11\/martinamaletti-img125-225x300.webp 225w, https:\/\/martinamaletti.com\/wp-content\/uploads\/2024\/11\/martinamaletti-img125-600x800.webp 600w, https:\/\/martinamaletti.com\/wp-content\/uploads\/2024\/11\/martinamaletti-img125.webp 1080w\" sizes=\"(max-width: 768px) 100vw, 768px\" \/>\t\t\t\t\t\t\t\t<\/a>\n\t\t\t\t\t\t\t\t\t\t\t\t\t\t\t<\/div>\n\t\t<div class=\"elementor-element elementor-element-45a13a7 e-con-full e-flex e-con e-child\" data-id=\"45a13a7\" data-element_type=\"container\" data-e-type=\"container\" data-settings=\"{&quot;jet_parallax_layout_list&quot;:[]}\">\n\t\t<div class=\"elementor-element elementor-element-3a1a331 e-con-full e-flex e-con e-child\" data-id=\"3a1a331\" data-element_type=\"container\" data-e-type=\"container\" data-settings=\"{&quot;jet_parallax_layout_list&quot;:[]}\">\n\t\t<div class=\"elementor-element elementor-element-142828c e-con-full e-flex e-con e-child\" data-id=\"142828c\" data-element_type=\"container\" data-e-type=\"container\" data-settings=\"{&quot;jet_parallax_layout_list&quot;:[]}\">\n\t\t\t\t<div class=\"elementor-element elementor-element-ff0e4ef elementor-widget__width-auto elementor-invisible elementor-widget elementor-widget-text-editor\" data-id=\"ff0e4ef\" data-element_type=\"widget\" data-e-type=\"widget\" data-settings=\"{&quot;_animation&quot;:&quot;fadeInUp&quot;}\" data-widget_type=\"text-editor.default\">\n\t\t\t\t\t\t\t\t\tStock\t\t\t\t\t\t\t\t<\/div>\n\t\t\t\t<\/div>\n\t\t\t\t<div class=\"elementor-element elementor-element-842794e elementor-invisible elementor-widget elementor-widget-woocommerce-product-title elementor-page-title elementor-widget-heading\" data-id=\"842794e\" data-element_type=\"widget\" data-e-type=\"widget\" data-settings=\"{&quot;_animation&quot;:&quot;fadeInUp&quot;}\" data-widget_type=\"woocommerce-product-title.default\">\n\t\t\t\t\t<h3 class=\"product_title entry-title elementor-heading-title elementor-size-default\"><a href=\"https:\/\/martinamaletti.com\/en\/product\/falda-flora-marron\/\">Falda Flora Marr\u00f3n<\/a><\/h3>\t\t\t\t<\/div>\n\t\t\t\t<div class=\"elementor-element elementor-element-d55c097 elementor-invisible elementor-widget elementor-widget-woocommerce-product-price\" data-id=\"d55c097\" data-element_type=\"widget\" data-e-type=\"widget\" data-settings=\"{&quot;_animation&quot;:&quot;fadeInUp&quot;}\" data-widget_type=\"woocommerce-product-price.default\">\n\t\t\t\t\t<p class=\"price\"><span class=\"woocommerce-Price-amount amount\"><bdi>260,00&nbsp;<span class=\"woocommerce-Price-currencySymbol\" translate=\"no\">&euro;<\/span><\/bdi><\/span> <small class=\"woocommerce-price-suffix\">IVA incluido<\/small><\/p>\n\t\t\t\t<\/div>\n\t\t\t\t<\/div>\n\t\t\t\t<div class=\"elementor-element elementor-element-fc92101 elementor-widget elementor-widget-woocommerce-product-stock\" data-id=\"fc92101\" data-element_type=\"widget\" data-e-type=\"widget\" data-widget_type=\"woocommerce-product-stock.default\">\n\t\t\t\t\t<p class=\"stock in-stock\">In stock<\/p>\n\t\t\t\t<\/div>\n\t\t\t\t<\/div>\n\t\t\t\t\t<\/div>\n\t\t\t\t<\/div>\n\t\t\t\t<\/div>\n\t\t\t\t<div data-elementor-type=\"loop-item\" data-elementor-id=\"4747\" class=\"elementor elementor-4747 e-loop-item e-loop-item-2151 post-2151 product type-product status-publish has-post-thumbnail coleccion-atelier product_cat-archivo product_cat-faldas product_cat-ropa first onbackorder taxable shipping-taxable purchasable product-type-variable\" data-elementor-post-type=\"elementor_library\" data-custom-edit-handle=\"1\">\n\t\t\t<div class=\"elementor-element elementor-element-91345f2 e-flex e-con-boxed e-con e-parent\" data-id=\"91345f2\" data-element_type=\"container\" data-e-type=\"container\" data-settings=\"{&quot;jet_parallax_layout_list&quot;:[]}\">\n\t\t\t\t\t<div class=\"e-con-inner\">\n\t\t\t\t<div class=\"elementor-element elementor-element-0e3180f elementor-invisible elementor-widget elementor-widget-theme-post-featured-image elementor-widget-image\" data-id=\"0e3180f\" data-element_type=\"widget\" data-e-type=\"widget\" data-settings=\"{&quot;_animation&quot;:&quot;fadeInUp&quot;}\" data-widget_type=\"theme-post-featured-image.default\">\n\t\t\t\t\t\t\t\t\t\t\t\t\t\t\t\t<a href=\"https:\/\/martinamaletti.com\/en\/product\/falda-francesca\/\">\n\t\t\t\t\t\t\t<img loading=\"lazy\" decoding=\"async\" width=\"768\" height=\"1024\" src=\"https:\/\/martinamaletti.com\/wp-content\/uploads\/2024\/11\/martinamaletti-img61-768x1024.webp\" class=\"attachment-large size-large wp-image-4483\" alt=\"\" srcset=\"https:\/\/martinamaletti.com\/wp-content\/uploads\/2024\/11\/martinamaletti-img61-768x1024.webp 768w, https:\/\/martinamaletti.com\/wp-content\/uploads\/2024\/11\/martinamaletti-img61-225x300.webp 225w, https:\/\/martinamaletti.com\/wp-content\/uploads\/2024\/11\/martinamaletti-img61-600x800.webp 600w, https:\/\/martinamaletti.com\/wp-content\/uploads\/2024\/11\/martinamaletti-img61.webp 1080w\" sizes=\"(max-width: 768px) 100vw, 768px\" \/>\t\t\t\t\t\t\t\t<\/a>\n\t\t\t\t\t\t\t\t\t\t\t\t\t\t\t<\/div>\n\t\t<div class=\"elementor-element elementor-element-45a13a7 e-con-full e-flex e-con e-child\" data-id=\"45a13a7\" data-element_type=\"container\" data-e-type=\"container\" data-settings=\"{&quot;jet_parallax_layout_list&quot;:[]}\">\n\t\t<div class=\"elementor-element elementor-element-3a1a331 e-con-full e-flex e-con e-child\" data-id=\"3a1a331\" data-element_type=\"container\" data-e-type=\"container\" data-settings=\"{&quot;jet_parallax_layout_list&quot;:[]}\">\n\t\t<div class=\"elementor-element elementor-element-142828c e-con-full e-flex e-con e-child\" data-id=\"142828c\" data-element_type=\"container\" data-e-type=\"container\" data-settings=\"{&quot;jet_parallax_layout_list&quot;:[]}\">\n\t\t\t\t<div class=\"elementor-element elementor-element-ff0e4ef elementor-widget__width-auto elementor-invisible elementor-widget elementor-widget-text-editor\" data-id=\"ff0e4ef\" data-element_type=\"widget\" data-e-type=\"widget\" data-settings=\"{&quot;_animation&quot;:&quot;fadeInUp&quot;}\" data-widget_type=\"text-editor.default\">\n\t\t\t\t\t\t\t\t\tPreorder\t\t\t\t\t\t\t\t<\/div>\n\t\t\t\t<\/div>\n\t\t\t\t<div class=\"elementor-element elementor-element-842794e elementor-invisible elementor-widget elementor-widget-woocommerce-product-title elementor-page-title elementor-widget-heading\" data-id=\"842794e\" data-element_type=\"widget\" data-e-type=\"widget\" data-settings=\"{&quot;_animation&quot;:&quot;fadeInUp&quot;}\" data-widget_type=\"woocommerce-product-title.default\">\n\t\t\t\t\t<h3 class=\"product_title entry-title elementor-heading-title elementor-size-default\"><a href=\"https:\/\/martinamaletti.com\/en\/product\/falda-francesca\/\">Falda Francesca<\/a><\/h3>\t\t\t\t<\/div>\n\t\t\t\t<div class=\"elementor-element elementor-element-d55c097 elementor-invisible elementor-widget elementor-widget-woocommerce-product-price\" data-id=\"d55c097\" data-element_type=\"widget\" data-e-type=\"widget\" data-settings=\"{&quot;_animation&quot;:&quot;fadeInUp&quot;}\" data-widget_type=\"woocommerce-product-price.default\">\n\t\t\t\t\t<p class=\"price\"><span class=\"woocommerce-Price-amount amount\"><bdi>410,00&nbsp;<span class=\"woocommerce-Price-currencySymbol\" translate=\"no\">&euro;<\/span><\/bdi><\/span> <small class=\"woocommerce-price-suffix\">IVA incluido<\/small><\/p>\n\t\t\t\t<\/div>\n\t\t\t\t<\/div>\n\t\t\t\t<div class=\"elementor-element elementor-element-fc92101 elementor-widget elementor-widget-woocommerce-product-stock\" data-id=\"fc92101\" data-element_type=\"widget\" data-e-type=\"widget\" data-widget_type=\"woocommerce-product-stock.default\">\n\t\t\t\t\t<p class=\"stock available-on-backorder\">Available on back-order<\/p>\n\t\t\t\t<\/div>\n\t\t\t\t<\/div>\n\t\t\t\t\t<\/div>\n\t\t\t\t<\/div>\n\t\t\t\t<\/div>\n\t\t\t\t<\/div>\n\t\t\n\t\t\t\t\t\t<\/div>\n\t\t\t\t<\/div>\n\t\t\t\t<\/div>\n\t\t<div class=\"elementor-element elementor-element-3a4b147 e-flex e-con-boxed e-con e-parent\" data-id=\"3a4b147\" data-element_type=\"container\" data-e-type=\"container\" data-settings=\"{&quot;background_background&quot;:&quot;classic&quot;,&quot;jet_parallax_layout_list&quot;:[]}\">\n\t\t\t\t\t<div class=\"e-con-inner\">\n\t\t\t\t<div class=\"elementor-element elementor-element-3e09f5b elementor-widget elementor-widget-heading\" data-id=\"3e09f5b\" data-element_type=\"widget\" data-e-type=\"widget\" data-widget_type=\"heading.default\">\n\t\t\t\t\t<h2 class=\"elementor-heading-title elementor-size-default\">Preguntas frecuentes sobre nuestras faldas<\/h2>\t\t\t\t<\/div>\n\t\t\t\t\t<\/div>\n\t\t\t\t<\/div>\n\t\t<div class=\"elementor-element elementor-element-ad0f30d e-flex e-con-boxed e-con e-parent\" data-id=\"ad0f30d\" data-element_type=\"container\" data-e-type=\"container\" data-settings=\"{&quot;background_background&quot;:&quot;classic&quot;,&quot;jet_parallax_layout_list&quot;:[]}\">\n\t\t\t\t\t<div class=\"e-con-inner\">\n\t\t\t\t<div class=\"elementor-element elementor-element-567789f elementor-widget elementor-widget-n-accordion\" data-id=\"567789f\" data-element_type=\"widget\" data-e-type=\"widget\" data-settings=\"{&quot;default_state&quot;:&quot;all_collapsed&quot;,&quot;max_items_expended&quot;:&quot;one&quot;,&quot;n_accordion_animation_duration&quot;:{&quot;unit&quot;:&quot;ms&quot;,&quot;size&quot;:400,&quot;sizes&quot;:[]}}\" data-widget_type=\"nested-accordion.default\">\n\t\t\t\t\t\t\t<div class=\"e-n-accordion\" aria-label=\"Accordion. Open links with Enter or Space, close with Escape, and navigate with Arrow Keys\">\n\t\t\t\t\t\t<details id=\"e-n-accordion-item-9060\" class=\"e-n-accordion-item\" >\n\t\t\t\t<summary class=\"e-n-accordion-item-title\" data-accordion-index=\"1\" tabindex=\"0\" aria-expanded=\"false\" aria-controls=\"e-n-accordion-item-9060\" >\n\t\t\t\t\t<span class='e-n-accordion-item-title-header'><h3 class=\"e-n-accordion-item-title-text\"> \u00bfEs apropiado llevar falda a una boda como invitada? <\/h3><\/span>\n\t\t\t\t\t\t\t<span class='e-n-accordion-item-title-icon'>\n\t\t\t<span class='e-opened' ><svg aria-hidden=\"true\" class=\"e-font-icon-svg e-fas-minus\" viewBox=\"0 0 448 512\" xmlns=\"http:\/\/www.w3.org\/2000\/svg\"><path d=\"M416 208H32c-17.67 0-32 14.33-32 32v32c0 17.67 14.33 32 32 32h384c17.67 0 32-14.33 32-32v-32c0-17.67-14.33-32-32-32z\"><\/path><\/svg><\/span>\n\t\t\t<span class='e-closed'><svg aria-hidden=\"true\" class=\"e-font-icon-svg e-fas-plus\" viewBox=\"0 0 448 512\" xmlns=\"http:\/\/www.w3.org\/2000\/svg\"><path d=\"M416 208H272V64c0-17.67-14.33-32-32-32h-32c-17.67 0-32 14.33-32 32v144H32c-17.67 0-32 14.33-32 32v32c0 17.67 14.33 32 32 32h144v144c0 17.67 14.33 32 32 32h32c17.67 0 32-14.33 32-32V304h144c17.67 0 32-14.33 32-32v-32c0-17.67-14.33-32-32-32z\"><\/path><\/svg><\/span>\n\t\t<\/span>\n\n\t\t\t\t\t\t<\/summary>\n\t\t\t\t<div role=\"region\" aria-labelledby=\"e-n-accordion-item-9060\" class=\"elementor-element elementor-element-7ab1c8e e-con-full e-flex e-con e-child\" data-id=\"7ab1c8e\" data-element_type=\"container\" data-e-type=\"container\" data-settings=\"{&quot;jet_parallax_layout_list&quot;:[]}\">\n\t\t<div role=\"region\" aria-labelledby=\"e-n-accordion-item-9060\" class=\"elementor-element elementor-element-1ae7dd6 e-flex e-con-boxed e-con e-child\" data-id=\"1ae7dd6\" data-element_type=\"container\" data-e-type=\"container\" data-settings=\"{&quot;jet_parallax_layout_list&quot;:[]}\">\n\t\t\t\t\t<div class=\"e-con-inner\">\n\t\t\t\t<div class=\"elementor-element elementor-element-ba3dc55 elementor-widget elementor-widget-text-editor\" data-id=\"ba3dc55\" data-element_type=\"widget\" data-e-type=\"widget\" data-widget_type=\"text-editor.default\">\n\t\t\t\t\t\t\t\t\t<p>S\u00ed. Una falda puede ser una alternativa elegante al vestido y permite crear un look de invitada con mucha personalidad. La clave est\u00e1 en elegir un dise\u00f1o y un tejido acordes con el tipo de celebraci\u00f3n y combinarlo con prendas de arriba que aporten equilibrio.<\/p>\t\t\t\t\t\t\t\t<\/div>\n\t\t\t\t\t<\/div>\n\t\t\t\t<\/div>\n\t\t\t\t<\/div>\n\t\t\t\t\t<\/details>\n\t\t\t\t\t\t<details id=\"e-n-accordion-item-9061\" class=\"e-n-accordion-item\" >\n\t\t\t\t<summary class=\"e-n-accordion-item-title\" data-accordion-index=\"2\" tabindex=\"-1\" aria-expanded=\"false\" aria-controls=\"e-n-accordion-item-9061\" >\n\t\t\t\t\t<span class='e-n-accordion-item-title-header'><h3 class=\"e-n-accordion-item-title-text\"> \u00bfQu\u00e9 tipo de falda elegir para una boda de d\u00eda? <\/h3><\/span>\n\t\t\t\t\t\t\t<span class='e-n-accordion-item-title-icon'>\n\t\t\t<span class='e-opened' ><svg aria-hidden=\"true\" class=\"e-font-icon-svg e-fas-minus\" viewBox=\"0 0 448 512\" xmlns=\"http:\/\/www.w3.org\/2000\/svg\"><path d=\"M416 208H32c-17.67 0-32 14.33-32 32v32c0 17.67 14.33 32 32 32h384c17.67 0 32-14.33 32-32v-32c0-17.67-14.33-32-32-32z\"><\/path><\/svg><\/span>\n\t\t\t<span class='e-closed'><svg aria-hidden=\"true\" class=\"e-font-icon-svg e-fas-plus\" viewBox=\"0 0 448 512\" xmlns=\"http:\/\/www.w3.org\/2000\/svg\"><path d=\"M416 208H272V64c0-17.67-14.33-32-32-32h-32c-17.67 0-32 14.33-32 32v144H32c-17.67 0-32 14.33-32 32v32c0 17.67 14.33 32 32 32h144v144c0 17.67 14.33 32 32 32h32c17.67 0 32-14.33 32-32V304h144c17.67 0 32-14.33 32-32v-32c0-17.67-14.33-32-32-32z\"><\/path><\/svg><\/span>\n\t\t<\/span>\n\n\t\t\t\t\t\t<\/summary>\n\t\t\t\t<div role=\"region\" aria-labelledby=\"e-n-accordion-item-9061\" class=\"elementor-element elementor-element-320c3e5 e-con-full e-flex e-con e-child\" data-id=\"320c3e5\" data-element_type=\"container\" data-e-type=\"container\" data-settings=\"{&quot;jet_parallax_layout_list&quot;:[]}\">\n\t\t<div role=\"region\" aria-labelledby=\"e-n-accordion-item-9061\" class=\"elementor-element elementor-element-526bdbd e-flex e-con-boxed e-con e-child\" data-id=\"526bdbd\" data-element_type=\"container\" data-e-type=\"container\" data-settings=\"{&quot;jet_parallax_layout_list&quot;:[]}\">\n\t\t\t\t\t<div class=\"e-con-inner\">\n\t\t\t\t<div class=\"elementor-element elementor-element-538c003 elementor-widget elementor-widget-text-editor\" data-id=\"538c003\" data-element_type=\"widget\" data-e-type=\"widget\" data-widget_type=\"text-editor.default\">\n\t\t\t\t\t\t\t\t\t<p>Para una boda de d\u00eda puedes apostar por distintos tipos de falda midi: lisas, bicolor, estampadas o con volantes. Lo importante es que sean faldas elegantes y con tejidos con buena ca\u00edda. Dependiendo de la \u00e9poca del a\u00f1o en que se celebre el evento, puedes optar por tonos neutros o m\u00e1s atrevidos.<\/p>\t\t\t\t\t\t\t\t<\/div>\n\t\t\t\t\t<\/div>\n\t\t\t\t<\/div>\n\t\t\t\t<\/div>\n\t\t\t\t\t<\/details>\n\t\t\t\t\t\t<details id=\"e-n-accordion-item-9062\" class=\"e-n-accordion-item\" >\n\t\t\t\t<summary class=\"e-n-accordion-item-title\" data-accordion-index=\"3\" tabindex=\"-1\" aria-expanded=\"false\" aria-controls=\"e-n-accordion-item-9062\" >\n\t\t\t\t\t<span class='e-n-accordion-item-title-header'><h3 class=\"e-n-accordion-item-title-text\"> \u00bfQu\u00e9 parte de arriba llevar con una falda de invitada? <\/h3><\/span>\n\t\t\t\t\t\t\t<span class='e-n-accordion-item-title-icon'>\n\t\t\t<span class='e-opened' ><svg aria-hidden=\"true\" class=\"e-font-icon-svg e-fas-minus\" viewBox=\"0 0 448 512\" xmlns=\"http:\/\/www.w3.org\/2000\/svg\"><path d=\"M416 208H32c-17.67 0-32 14.33-32 32v32c0 17.67 14.33 32 32 32h384c17.67 0 32-14.33 32-32v-32c0-17.67-14.33-32-32-32z\"><\/path><\/svg><\/span>\n\t\t\t<span class='e-closed'><svg aria-hidden=\"true\" class=\"e-font-icon-svg e-fas-plus\" viewBox=\"0 0 448 512\" xmlns=\"http:\/\/www.w3.org\/2000\/svg\"><path d=\"M416 208H272V64c0-17.67-14.33-32-32-32h-32c-17.67 0-32 14.33-32 32v144H32c-17.67 0-32 14.33-32 32v32c0 17.67 14.33 32 32 32h144v144c0 17.67 14.33 32 32 32h32c17.67 0 32-14.33 32-32V304h144c17.67 0 32-14.33 32-32v-32c0-17.67-14.33-32-32-32z\"><\/path><\/svg><\/span>\n\t\t<\/span>\n\n\t\t\t\t\t\t<\/summary>\n\t\t\t\t<div role=\"region\" aria-labelledby=\"e-n-accordion-item-9062\" class=\"elementor-element elementor-element-e6098f5 e-con-full e-flex e-con e-child\" data-id=\"e6098f5\" data-element_type=\"container\" data-e-type=\"container\" data-settings=\"{&quot;jet_parallax_layout_list&quot;:[]}\">\n\t\t<div role=\"region\" aria-labelledby=\"e-n-accordion-item-9062\" class=\"elementor-element elementor-element-f9ce2d8 e-flex e-con-boxed e-con e-child\" data-id=\"f9ce2d8\" data-element_type=\"container\" data-e-type=\"container\" data-settings=\"{&quot;jet_parallax_layout_list&quot;:[]}\">\n\t\t\t\t\t<div class=\"e-con-inner\">\n\t\t\t\t<div class=\"elementor-element elementor-element-4714a19 elementor-widget elementor-widget-text-editor\" data-id=\"4714a19\" data-element_type=\"widget\" data-e-type=\"widget\" data-widget_type=\"text-editor.default\">\n\t\t\t\t\t\t\t\t\t<p>Una blusa o un <a href=\"https:\/\/martinamaletti.com\/tops\/\">top de invitada elegante<\/a> son dos de las opciones m\u00e1s vers\u00e1tiles. Si la falda tiene mucho vuelo, la prenda que utilices en la parte superior es mejor que sea m\u00e1s ce\u00f1ida. As\u00ed tendr\u00e1s un look de fiesta elegante y equilibrado.<\/p>\t\t\t\t\t\t\t\t<\/div>\n\t\t\t\t\t<\/div>\n\t\t\t\t<\/div>\n\t\t\t\t<\/div>\n\t\t\t\t\t<\/details>\n\t\t\t\t\t\t<details id=\"e-n-accordion-item-9063\" class=\"e-n-accordion-item\" >\n\t\t\t\t<summary class=\"e-n-accordion-item-title\" data-accordion-index=\"4\" tabindex=\"-1\" aria-expanded=\"false\" aria-controls=\"e-n-accordion-item-9063\" >\n\t\t\t\t\t<span class='e-n-accordion-item-title-header'><h3 class=\"e-n-accordion-item-title-text\"> \u00bfEs mejor una falda midi o larga para ir a eventos? <\/h3><\/span>\n\t\t\t\t\t\t\t<span class='e-n-accordion-item-title-icon'>\n\t\t\t<span class='e-opened' ><svg aria-hidden=\"true\" class=\"e-font-icon-svg e-fas-minus\" viewBox=\"0 0 448 512\" xmlns=\"http:\/\/www.w3.org\/2000\/svg\"><path d=\"M416 208H32c-17.67 0-32 14.33-32 32v32c0 17.67 14.33 32 32 32h384c17.67 0 32-14.33 32-32v-32c0-17.67-14.33-32-32-32z\"><\/path><\/svg><\/span>\n\t\t\t<span class='e-closed'><svg aria-hidden=\"true\" class=\"e-font-icon-svg e-fas-plus\" viewBox=\"0 0 448 512\" xmlns=\"http:\/\/www.w3.org\/2000\/svg\"><path d=\"M416 208H272V64c0-17.67-14.33-32-32-32h-32c-17.67 0-32 14.33-32 32v144H32c-17.67 0-32 14.33-32 32v32c0 17.67 14.33 32 32 32h144v144c0 17.67 14.33 32 32 32h32c17.67 0 32-14.33 32-32V304h144c17.67 0 32-14.33 32-32v-32c0-17.67-14.33-32-32-32z\"><\/path><\/svg><\/span>\n\t\t<\/span>\n\n\t\t\t\t\t\t<\/summary>\n\t\t\t\t<div role=\"region\" aria-labelledby=\"e-n-accordion-item-9063\" class=\"elementor-element elementor-element-a88d183 e-flex e-con-boxed e-con e-child\" data-id=\"a88d183\" data-element_type=\"container\" data-e-type=\"container\" data-settings=\"{&quot;jet_parallax_layout_list&quot;:[]}\">\n\t\t\t\t\t<div class=\"e-con-inner\">\n\t\t<div role=\"region\" aria-labelledby=\"e-n-accordion-item-9063\" class=\"elementor-element elementor-element-089287d e-con-full e-flex e-con e-child\" data-id=\"089287d\" data-element_type=\"container\" data-e-type=\"container\" data-settings=\"{&quot;jet_parallax_layout_list&quot;:[]}\">\n\t\t\t\t<div class=\"elementor-element elementor-element-020477e elementor-widget elementor-widget-text-editor\" data-id=\"020477e\" data-element_type=\"widget\" data-e-type=\"widget\" data-widget_type=\"text-editor.default\">\n\t\t\t\t\t\t\t\t\t<p>Depende principalmente del horario y del grado de formalidad de la boda. Las faldas midi son especialmente vers\u00e1tiles y funcionan muy bien en celebraciones de d\u00eda, mientras que una falda larga puede aportar mayor sofisticaci\u00f3n en bodas de tarde o noche. M\u00e1s que el largo por s\u00ed solo, conviene valorar el dise\u00f1o completo y el protocolo de la celebraci\u00f3n.<\/p>\t\t\t\t\t\t\t\t<\/div>\n\t\t\t\t<\/div>\n\t\t\t\t\t<\/div>\n\t\t\t\t<\/div>\n\t\t\t\t\t<\/details>\n\t\t\t\t\t\t<details id=\"e-n-accordion-item-9064\" class=\"e-n-accordion-item\" >\n\t\t\t\t<summary class=\"e-n-accordion-item-title\" data-accordion-index=\"5\" tabindex=\"-1\" aria-expanded=\"false\" aria-controls=\"e-n-accordion-item-9064\" >\n\t\t\t\t\t<span class='e-n-accordion-item-title-header'><h3 class=\"e-n-accordion-item-title-text\"> \u00bfEst\u00e1n hechas en Espa\u00f1a? <\/h3><\/span>\n\t\t\t\t\t\t\t<span class='e-n-accordion-item-title-icon'>\n\t\t\t<span class='e-opened' ><svg aria-hidden=\"true\" class=\"e-font-icon-svg e-fas-minus\" viewBox=\"0 0 448 512\" xmlns=\"http:\/\/www.w3.org\/2000\/svg\"><path d=\"M416 208H32c-17.67 0-32 14.33-32 32v32c0 17.67 14.33 32 32 32h384c17.67 0 32-14.33 32-32v-32c0-17.67-14.33-32-32-32z\"><\/path><\/svg><\/span>\n\t\t\t<span class='e-closed'><svg aria-hidden=\"true\" class=\"e-font-icon-svg e-fas-plus\" viewBox=\"0 0 448 512\" xmlns=\"http:\/\/www.w3.org\/2000\/svg\"><path d=\"M416 208H272V64c0-17.67-14.33-32-32-32h-32c-17.67 0-32 14.33-32 32v144H32c-17.67 0-32 14.33-32 32v32c0 17.67 14.33 32 32 32h144v144c0 17.67 14.33 32 32 32h32c17.67 0 32-14.33 32-32V304h144c17.67 0 32-14.33 32-32v-32c0-17.67-14.33-32-32-32z\"><\/path><\/svg><\/span>\n\t\t<\/span>\n\n\t\t\t\t\t\t<\/summary>\n\t\t\t\t<div role=\"region\" aria-labelledby=\"e-n-accordion-item-9064\" class=\"elementor-element elementor-element-fed286a e-flex e-con-boxed e-con e-child\" data-id=\"fed286a\" data-element_type=\"container\" data-e-type=\"container\" data-settings=\"{&quot;jet_parallax_layout_list&quot;:[]}\">\n\t\t\t\t\t<div class=\"e-con-inner\">\n\t\t<div role=\"region\" aria-labelledby=\"e-n-accordion-item-9064\" class=\"elementor-element elementor-element-09a2695 e-con-full e-flex e-con e-child\" data-id=\"09a2695\" data-element_type=\"container\" data-e-type=\"container\" data-settings=\"{&quot;jet_parallax_layout_list&quot;:[]}\">\n\t\t\t\t<div class=\"elementor-element elementor-element-bcd1071 elementor-widget elementor-widget-text-editor\" data-id=\"bcd1071\" data-element_type=\"widget\" data-e-type=\"widget\" data-widget_type=\"text-editor.default\">\n\t\t\t\t\t\t\t\t\t<p>S\u00ed. Las faldas para invitada de Martina Maletti est\u00e1n dise\u00f1adas en Madrid y confeccionadas en talleres locales, siguiendo un modelo de producci\u00f3n responsable. La marca trabaja con talleres y artesanos locales, cuidando especialmente la selecci\u00f3n de los tejidos, la confecci\u00f3n y los acabados de cada prenda.<\/p>\t\t\t\t\t\t\t\t<\/div>\n\t\t\t\t<\/div>\n\t\t\t\t\t<\/div>\n\t\t\t\t<\/div>\n\t\t\t\t\t<\/details>\n\t\t\t\t\t<\/div>\n\t\t\t\t\t<script type=\"application\/ld+json\">{\"@context\":\"https:\\\/\\\/schema.org\",\"@type\":\"FAQPage\",\"mainEntity\":[{\"@type\":\"Question\",\"name\":\"\\u00bfEs apropiado llevar falda a una boda como invitada?\",\"acceptedAnswer\":{\"@type\":\"Answer\",\"text\":\"S\\u00ed. Una falda puede ser una alternativa elegante al vestido y permite crear un look de invitada con mucha personalidad. La clave est\\u00e1 en elegir un dise\\u00f1o y un tejido acordes con el tipo de celebraci\\u00f3n y combinarlo con prendas de arriba que aporten equilibrio.\"}},{\"@type\":\"Question\",\"name\":\"\\u00bfQu\\u00e9 tipo de falda elegir para una boda de d\\u00eda?\",\"acceptedAnswer\":{\"@type\":\"Answer\",\"text\":\"Para una boda de d\\u00eda puedes apostar por distintos tipos de falda midi: lisas, bicolor, estampadas o con volantes. Lo importante es que sean faldas elegantes y con tejidos con buena ca\\u00edda. Dependiendo de la \\u00e9poca del a\\u00f1o en que se celebre el evento, puedes optar por tonos neutros o m\\u00e1s atrevidos.\"}},{\"@type\":\"Question\",\"name\":\"\\u00bfQu\\u00e9 parte de arriba llevar con una falda de invitada?\",\"acceptedAnswer\":{\"@type\":\"Answer\",\"text\":\"Una blusa o un top de invitada elegante son dos de las opciones m\\u00e1s vers\\u00e1tiles. Si la falda tiene mucho vuelo, la prenda que utilices en la parte superior es mejor que sea m\\u00e1s ce\\u00f1ida. As\\u00ed tendr\\u00e1s un look de fiesta elegante y equilibrado.\"}},{\"@type\":\"Question\",\"name\":\"\\u00bfEs mejor una falda midi o larga para ir a eventos?\",\"acceptedAnswer\":{\"@type\":\"Answer\",\"text\":\"Depende principalmente del horario y del grado de formalidad de la boda. Las faldas midi son especialmente vers\\u00e1tiles y funcionan muy bien en celebraciones de d\\u00eda, mientras que una falda larga puede aportar mayor sofisticaci\\u00f3n en bodas de tarde o noche. M\\u00e1s que el largo por s\\u00ed solo, conviene valorar el dise\\u00f1o completo y el protocolo de la celebraci\\u00f3n.\"}},{\"@type\":\"Question\",\"name\":\"\\u00bfEst\\u00e1n hechas en Espa\\u00f1a?\",\"acceptedAnswer\":{\"@type\":\"Answer\",\"text\":\"S\\u00ed. Las faldas para invitada de Martina Maletti est\\u00e1n dise\\u00f1adas en Madrid y confeccionadas en talleres locales, siguiendo un modelo de producci\\u00f3n responsable. La marca trabaja con talleres y artesanos locales, cuidando especialmente la selecci\\u00f3n de los tejidos, la confecci\\u00f3n y los acabados de cada prenda.\"}}]}<\/script>\n\t\t\t\t\t\t\t<\/div>\n\t\t\t\t\t<\/div>\n\t\t\t\t<\/div>\n\t\t\t\t<\/div>\n\t\t","protected":false},"excerpt":{"rendered":"<p>Faldas invitada Las faldas de invitada de Martina Maletti celebran la libertad de movimiento y el poder de lo femenino. Dise\u00f1adas en Madrid y producidas de forma \u00e9tica, son una oda a la elegancia consciente. Para su confecci\u00f3n, apostamos por materiales de calidad como lycra, sat\u00e9n, lana o terciopelo de seda, que garantizan durabilidad y, [&hellip;]<\/p>\n","protected":false},"author":130,"featured_media":0,"parent":0,"menu_order":0,"comment_status":"closed","ping_status":"closed","template":"","meta":{"_acf_changed":false,"footnotes":""},"class_list":["post-6729","page","type-page","status-publish","hentry"],"acf":[],"yoast_head":"<!-- This site is optimized with the Yoast SEO plugin v28.1 - https:\/\/yoast.com\/product\/yoast-seo-wordpress\/ -->\n<title>Faldas Invitada de Boda | Compra Online | Martina Maletti<\/title>\n<meta name=\"description\" content=\"Descubre faldas de invitada para boda con dise\u00f1o sofisticado y acabados impecables. Perfectas para invitadas elegantes y distinguidas. Env\u00edo r\u00e1pido\" \/>\n<meta name=\"robots\" content=\"index, follow, max-snippet:-1, max-image-preview:large, max-video-preview:-1\" \/>\n<link rel=\"canonical\" href=\"https:\/\/martinamaletti.com\/en\/faldas\/\" \/>\n<meta property=\"og:locale\" content=\"en_GB\" \/>\n<meta property=\"og:type\" content=\"article\" \/>\n<meta property=\"og:title\" content=\"Faldas Invitada de Boda | Compra Online | Martina Maletti\" \/>\n<meta property=\"og:description\" content=\"Descubre faldas de invitada para boda con dise\u00f1o sofisticado y acabados impecables. Perfectas para invitadas elegantes y distinguidas. Env\u00edo r\u00e1pido\" \/>\n<meta property=\"og:url\" content=\"https:\/\/martinamaletti.com\/en\/faldas\/\" \/>\n<meta property=\"og:site_name\" content=\"Martina Maletti\" \/>\n<meta property=\"article:modified_time\" content=\"2026-08-31T13:41:31+00:00\" \/>\n<meta name=\"twitter:card\" content=\"summary_large_image\" \/>\n<meta name=\"twitter:label1\" content=\"Estimated reading time\" \/>\n\t<meta name=\"twitter:data1\" content=\"5 minutes\" \/>\n<script type=\"application\/ld+json\" class=\"yoast-schema-graph\">{\"@context\":\"https:\\\/\\\/schema.org\",\"@graph\":[{\"@type\":\"WebPage\",\"@id\":\"https:\\\/\\\/martinamaletti.com\\\/faldas\\\/\",\"url\":\"https:\\\/\\\/martinamaletti.com\\\/faldas\\\/\",\"name\":\"Faldas Invitada de Boda | Compra Online | Martina Maletti\",\"isPartOf\":{\"@id\":\"https:\\\/\\\/martinamaletti.com\\\/#website\"},\"datePublished\":\"2025-07-09T12:13:50+00:00\",\"dateModified\":\"2026-08-31T13:41:31+00:00\",\"description\":\"Descubre faldas de invitada para boda con dise\u00f1o sofisticado y acabados impecables. Perfectas para invitadas elegantes y distinguidas. Env\u00edo r\u00e1pido\",\"breadcrumb\":{\"@id\":\"https:\\\/\\\/martinamaletti.com\\\/faldas\\\/#breadcrumb\"},\"inLanguage\":\"en-GB\",\"potentialAction\":[{\"@type\":\"ReadAction\",\"target\":[\"https:\\\/\\\/martinamaletti.com\\\/faldas\\\/\"]}]},{\"@type\":\"BreadcrumbList\",\"@id\":\"https:\\\/\\\/martinamaletti.com\\\/faldas\\\/#breadcrumb\",\"itemListElement\":[{\"@type\":\"ListItem\",\"position\":1,\"name\":\"Portada\",\"item\":\"https:\\\/\\\/martinamaletti.com\\\/\"},{\"@type\":\"ListItem\",\"position\":2,\"name\":\"Faldas\"}]},{\"@type\":\"WebSite\",\"@id\":\"https:\\\/\\\/martinamaletti.com\\\/#website\",\"url\":\"https:\\\/\\\/martinamaletti.com\\\/\",\"name\":\"Martina Maletti\",\"description\":\"Marca exclusiva de moda en Madrid\",\"publisher\":{\"@id\":\"https:\\\/\\\/martinamaletti.com\\\/#organization\"},\"potentialAction\":[{\"@type\":\"SearchAction\",\"target\":{\"@type\":\"EntryPoint\",\"urlTemplate\":\"https:\\\/\\\/martinamaletti.com\\\/?s={search_term_string}\"},\"query-input\":{\"@type\":\"PropertyValueSpecification\",\"valueRequired\":true,\"valueName\":\"search_term_string\"}}],\"inLanguage\":\"en-GB\"},{\"@type\":\"Organization\",\"@id\":\"https:\\\/\\\/martinamaletti.com\\\/#organization\",\"name\":\"Martina Maletti\",\"url\":\"https:\\\/\\\/martinamaletti.com\\\/\",\"logo\":{\"@type\":\"ImageObject\",\"inLanguage\":\"en-GB\",\"@id\":\"https:\\\/\\\/martinamaletti.com\\\/#\\\/schema\\\/logo\\\/image\\\/\",\"url\":\"https:\\\/\\\/martinamaletti.com\\\/wp-content\\\/uploads\\\/2024\\\/10\\\/logo-martinamaletti.webp\",\"contentUrl\":\"https:\\\/\\\/martinamaletti.com\\\/wp-content\\\/uploads\\\/2024\\\/10\\\/logo-martinamaletti.webp\",\"width\":897,\"height\":52,\"caption\":\"Martina Maletti\"},\"image\":{\"@id\":\"https:\\\/\\\/martinamaletti.com\\\/#\\\/schema\\\/logo\\\/image\\\/\"}}]}<\/script>\n<!-- \/ Yoast SEO plugin. -->","yoast_head_json":{"title":"Faldas Invitada de Boda | Compra Online | Martina Maletti","description":"Descubre faldas de invitada para boda con dise\u00f1o sofisticado y acabados impecables. Perfectas para invitadas elegantes y distinguidas. Env\u00edo r\u00e1pido","robots":{"index":"index","follow":"follow","max-snippet":"max-snippet:-1","max-image-preview":"max-image-preview:large","max-video-preview":"max-video-preview:-1"},"canonical":"https:\/\/martinamaletti.com\/en\/faldas\/","og_locale":"en_GB","og_type":"article","og_title":"Faldas Invitada de Boda | Compra Online | Martina Maletti","og_description":"Descubre faldas de invitada para boda con dise\u00f1o sofisticado y acabados impecables. Perfectas para invitadas elegantes y distinguidas. Env\u00edo r\u00e1pido","og_url":"https:\/\/martinamaletti.com\/en\/faldas\/","og_site_name":"Martina Maletti","article_modified_time":"2026-08-31T13:41:31+00:00","twitter_card":"summary_large_image","twitter_misc":{"Estimated reading time":"5 minutes"},"schema":{"@context":"https:\/\/schema.org","@graph":[{"@type":"WebPage","@id":"https:\/\/martinamaletti.com\/faldas\/","url":"https:\/\/martinamaletti.com\/faldas\/","name":"Faldas Invitada de Boda | Compra Online | Martina Maletti","isPartOf":{"@id":"https:\/\/martinamaletti.com\/#website"},"datePublished":"2025-07-09T12:13:50+00:00","dateModified":"2026-08-31T13:41:31+00:00","description":"Descubre faldas de invitada para boda con dise\u00f1o sofisticado y acabados impecables. Perfectas para invitadas elegantes y distinguidas. Env\u00edo r\u00e1pido","breadcrumb":{"@id":"https:\/\/martinamaletti.com\/faldas\/#breadcrumb"},"inLanguage":"en-GB","potentialAction":[{"@type":"ReadAction","target":["https:\/\/martinamaletti.com\/faldas\/"]}]},{"@type":"BreadcrumbList","@id":"https:\/\/martinamaletti.com\/faldas\/#breadcrumb","itemListElement":[{"@type":"ListItem","position":1,"name":"Portada","item":"https:\/\/martinamaletti.com\/"},{"@type":"ListItem","position":2,"name":"Faldas"}]},{"@type":"WebSite","@id":"https:\/\/martinamaletti.com\/#website","url":"https:\/\/martinamaletti.com\/","name":"Martina Maletti","description":"Exclusive fashion brand in Madrid","publisher":{"@id":"https:\/\/martinamaletti.com\/#organization"},"potentialAction":[{"@type":"SearchAction","target":{"@type":"EntryPoint","urlTemplate":"https:\/\/martinamaletti.com\/?s={search_term_string}"},"query-input":{"@type":"PropertyValueSpecification","valueRequired":true,"valueName":"search_term_string"}}],"inLanguage":"en-GB"},{"@type":"Organization","@id":"https:\/\/martinamaletti.com\/#organization","name":"Martina Maletti","url":"https:\/\/martinamaletti.com\/","logo":{"@type":"ImageObject","inLanguage":"en-GB","@id":"https:\/\/martinamaletti.com\/#\/schema\/logo\/image\/","url":"https:\/\/martinamaletti.com\/wp-content\/uploads\/2024\/10\/logo-martinamaletti.webp","contentUrl":"https:\/\/martinamaletti.com\/wp-content\/uploads\/2024\/10\/logo-martinamaletti.webp","width":897,"height":52,"caption":"Martina Maletti"},"image":{"@id":"https:\/\/martinamaletti.com\/#\/schema\/logo\/image\/"}}]}},"_links":{"self":[{"href":"https:\/\/martinamaletti.com\/en\/wp-json\/wp\/v2\/pages\/6729","targetHints":{"allow":["GET"]}}],"collection":[{"href":"https:\/\/martinamaletti.com\/en\/wp-json\/wp\/v2\/pages"}],"about":[{"href":"https:\/\/martinamaletti.com\/en\/wp-json\/wp\/v2\/types\/page"}],"author":[{"embeddable":true,"href":"https:\/\/martinamaletti.com\/en\/wp-json\/wp\/v2\/users\/130"}],"replies":[{"embeddable":true,"href":"https:\/\/martinamaletti.com\/en\/wp-json\/wp\/v2\/comments?post=6729"}],"version-history":[{"count":3,"href":"https:\/\/martinamaletti.com\/en\/wp-json\/wp\/v2\/pages\/6729\/revisions"}],"predecessor-version":[{"id":9472,"href":"https:\/\/martinamaletti.com\/en\/wp-json\/wp\/v2\/pages\/6729\/revisions\/9472"}],"wp:attachment":[{"href":"https:\/\/martinamaletti.com\/en\/wp-json\/wp\/v2\/media?parent=6729"}],"curies":[{"name":"wp","href":"https:\/\/api.w.org\/{rel}","templated":true}]}}